{"id":1708,"date":"2020-06-25T15:16:20","date_gmt":"2020-06-25T15:16:20","guid":{"rendered":"http:\/\/elvinodelaspiedras.local\/?page_id=1708"},"modified":"2025-10-24T08:15:27","modified_gmt":"2025-10-24T08:15:27","slug":"video","status":"publish","type":"page","link":"https:\/\/elvinodelaspiedras.es\/en\/communication\/video\/","title":{"rendered":"Video"},"content":{"rendered":"\t\t<div data-elementor-type=\"wp-page\" data-elementor-id=\"1708\" class=\"elementor elementor-1708\">\n\t\t\t\t\t\t<section class=\"elementor-section elementor-top-section elementor-element elementor-element-61bb02b elementor-section-boxed elementor-section-height-default elementor-section-height-default\" data-id=\"61bb02b\" data-element_type=\"section\">\n\t\t\t\t\t\t<div class=\"elementor-container elementor-column-gap-default\">\n\t\t\t\t\t<div class=\"elementor-column elementor-col-100 elementor-top-column elementor-element elementor-element-89bbf1b\" data-id=\"89bbf1b\" data-element_type=\"column\">\n\t\t\t<div class=\"elementor-widget-wrap elementor-element-populated\">\n\t\t\t\t\t\t<div class=\"elementor-element elementor-element-46e64d0 elementor-widget elementor-widget-wpb-ea-videos-grid\" data-id=\"46e64d0\" data-element_type=\"widget\" data-widget_type=\"wpb-ea-videos-grid.default\">\n\t\t\t\t<div class=\"elementor-widget-container\">\n\t\t\t\t\t\t<div class=\"wpb-ea-videos-grid\">\n\t\t\t\t<div class=\"ea-row\">\n\t\t\t\t\t\n\t\t\t\t\t\t\n\t\t\t\t\t\t<div class=\"wpb-ea-videos-grid-item-column col-lg-4 col-md-6\">\n\t\t\t\t\t\t\t<div class=\"wpb-ea-videos-grid-item\">\n\t\t\t\t\t\t\t\t<div class=\"wpb-ea-videos-grid-item-inner\">\n\t\t\t\t\t\t\t\t\t<iframe title=\"59\u00aa Fiesta de la Vendimia, acto Institucional de Exaltaci\u00f3n del Vino\" width=\"260\" height=\"146\" src=\"https:\/\/www.youtube.com\/embed\/6-2k592BTTc?feature=oembed\" frameborder=\"0\" allow=\"accelerometer; autoplay; clipboard-write; encrypted-media; gyroscope; picture-in-picture; web-share\" referrerpolicy=\"strict-origin-when-cross-origin\" allowfullscreen><\/iframe>\t\t\t\t\t\t\t\t\t<div class=\"wpb-video-content\">\n\t\t\t\t\t\t\t\t\t\t<h3>59\u00aa Fiesta de la Vendimia<\/h3>\t\t\t\t\t\t\t\t\t\t\t\t\t\t\t\t\t\t\t\t\t\t\t\t\t\t\t\t\t<\/div>\n\t\t\t\t\t\t\t\t<\/div>\n\t\t\t\t\t\t\t<\/div>\n\t\t\t\t\t\t<\/div>\n\t\t\t\t\t\n\t\t\t\t\t\t\n\t\t\t\t\t\t<div class=\"wpb-ea-videos-grid-item-column col-lg-4 col-md-6\">\n\t\t\t\t\t\t\t<div class=\"wpb-ea-videos-grid-item\">\n\t\t\t\t\t\t\t\t<div class=\"wpb-ea-videos-grid-item-inner\">\n\t\t\t\t\t\t\t\t\t<iframe title=\"FIESTA de la vendimia CARIN\u0303ENA 2024\" width=\"260\" height=\"146\" src=\"https:\/\/www.youtube.com\/embed\/Qk9ltSaoTVk?feature=oembed\" frameborder=\"0\" allow=\"accelerometer; autoplay; clipboard-write; encrypted-media; gyroscope; picture-in-picture; web-share\" referrerpolicy=\"strict-origin-when-cross-origin\" allowfullscreen><\/iframe>\t\t\t\t\t\t\t\t\t<div class=\"wpb-video-content\">\n\t\t\t\t\t\t\t\t\t\t<h3>58\u00aa Fiesta de la Vendimia<\/h3>\t\t\t\t\t\t\t\t\t\t\t\t\t\t\t\t\t\t\t\t\t\t\t\t\t\t\t\t\t<\/div>\n\t\t\t\t\t\t\t\t<\/div>\n\t\t\t\t\t\t\t<\/div>\n\t\t\t\t\t\t<\/div>\n\t\t\t\t\t\n\t\t\t\t\t\t\n\t\t\t\t\t\t<div class=\"wpb-ea-videos-grid-item-column col-lg-4 col-md-6\">\n\t\t\t\t\t\t\t<div class=\"wpb-ea-videos-grid-item\">\n\t\t\t\t\t\t\t\t<div class=\"wpb-ea-videos-grid-item-inner\">\n\t\t\t\t\t\t\t\t\t<iframe title=\"57\u00aa Fiesta de la Vendimia de la D.O. Cari\u00f1ena (23-9-23)\" width=\"260\" height=\"146\" src=\"https:\/\/www.youtube.com\/embed\/iZofShMBQ48?feature=oembed\" frameborder=\"0\" allow=\"accelerometer; autoplay; clipboard-write; encrypted-media; gyroscope; picture-in-picture; web-share\" referrerpolicy=\"strict-origin-when-cross-origin\" allowfullscreen><\/iframe>\t\t\t\t\t\t\t\t\t<div class=\"wpb-video-content\">\n\t\t\t\t\t\t\t\t\t\t<h3>57\u00aa Fiesta de la Vendimia<\/h3>\t\t\t\t\t\t\t\t\t\t\t\t\t\t\t\t\t\t\t\t\t\t\t\t\t\t\t\t\t<\/div>\n\t\t\t\t\t\t\t\t<\/div>\n\t\t\t\t\t\t\t<\/div>\n\t\t\t\t\t\t<\/div>\n\t\t\t\t\t\n\t\t\t\t\t\t\n\t\t\t\t\t\t<div class=\"wpb-ea-videos-grid-item-column col-lg-4 col-md-6\">\n\t\t\t\t\t\t\t<div class=\"wpb-ea-videos-grid-item\">\n\t\t\t\t\t\t\t\t<div class=\"wpb-ea-videos-grid-item-inner\">\n\t\t\t\t\t\t\t\t\t<iframe title=\"56\u00aa Fiesta de la Vendimia de la DOP Cari\u00f1ena (24-9-2022)\" width=\"260\" height=\"146\" src=\"https:\/\/www.youtube.com\/embed\/34pohYtr7-E?feature=oembed\" frameborder=\"0\" allow=\"accelerometer; autoplay; clipboard-write; encrypted-media; gyroscope; picture-in-picture; web-share\" referrerpolicy=\"strict-origin-when-cross-origin\" allowfullscreen><\/iframe>\t\t\t\t\t\t\t\t\t<div class=\"wpb-video-content\">\n\t\t\t\t\t\t\t\t\t\t<h3>56\u00aa Fiesta de la Vendimia<\/h3>\t\t\t\t\t\t\t\t\t\t\t\t\t\t\t\t\t\t\t\t\t\t\t\t\t\t\t\t\t<\/div>\n\t\t\t\t\t\t\t\t<\/div>\n\t\t\t\t\t\t\t<\/div>\n\t\t\t\t\t\t<\/div>\n\t\t\t\t\t\n\t\t\t\t\t\t\n\t\t\t\t\t\t<div class=\"wpb-ea-videos-grid-item-column col-lg-4 col-md-6\">\n\t\t\t\t\t\t\t<div class=\"wpb-ea-videos-grid-item\">\n\t\t\t\t\t\t\t\t<div class=\"wpb-ea-videos-grid-item-inner\">\n\t\t\t\t\t\t\t\t\t<iframe title=\"Colecci\u00f3n Premium 2022 DOP Cari\u00f1ena\" width=\"260\" height=\"146\" src=\"https:\/\/www.youtube.com\/embed\/_aLOnHQVW0U?feature=oembed\" frameborder=\"0\" allow=\"accelerometer; autoplay; clipboard-write; encrypted-media; gyroscope; picture-in-picture; web-share\" referrerpolicy=\"strict-origin-when-cross-origin\" allowfullscreen><\/iframe>\t\t\t\t\t\t\t\t\t<div class=\"wpb-video-content\">\n\t\t\t\t\t\t\t\t\t\t<h3>Colecci\u00f3n Premium 2022<\/h3>\t\t\t\t\t\t\t\t\t\t\t\t\t\t\t\t\t\t\t\t\t\t\t\t\t\t\t\t\t<\/div>\n\t\t\t\t\t\t\t\t<\/div>\n\t\t\t\t\t\t\t<\/div>\n\t\t\t\t\t\t<\/div>\n\t\t\t\t\t\n\t\t\t\t\t\t\n\t\t\t\t\t\t<div class=\"wpb-ea-videos-grid-item-column col-lg-4 col-md-6\">\n\t\t\t\t\t\t\t<div class=\"wpb-ea-videos-grid-item\">\n\t\t\t\t\t\t\t\t<div class=\"wpb-ea-videos-grid-item-inner\">\n\t\t\t\t\t\t\t\t\t<iframe title=\"Fernandisco en el Paseo de las Estrellas de Cari\u00f1ena\" width=\"260\" height=\"146\" src=\"https:\/\/www.youtube.com\/embed\/7tPTYTZhuok?feature=oembed\" frameborder=\"0\" allow=\"accelerometer; autoplay; clipboard-write; encrypted-media; gyroscope; picture-in-picture; web-share\" referrerpolicy=\"strict-origin-when-cross-origin\" allowfullscreen><\/iframe>\t\t\t\t\t\t\t\t\t<div class=\"wpb-video-content\">\n\t\t\t\t\t\t\t\t\t\t<h3>Fernandisco en el Paseo de las Estrellas<\/h3>\t\t\t\t\t\t\t\t\t\t\t\t\t\t\t\t\t\t\t\t\t\t\t\t\t\t\t\t\t<\/div>\n\t\t\t\t\t\t\t\t<\/div>\n\t\t\t\t\t\t\t<\/div>\n\t\t\t\t\t\t<\/div>\n\t\t\t\t\t\n\t\t\t\t\t\t\n\t\t\t\t\t\t<div class=\"wpb-ea-videos-grid-item-column col-lg-4 col-md-6\">\n\t\t\t\t\t\t\t<div class=\"wpb-ea-videos-grid-item\">\n\t\t\t\t\t\t\t\t<div class=\"wpb-ea-videos-grid-item-inner\">\n\t\t\t\t\t\t\t\t\t<iframe title=\"55\u00aa Fiesta de la Vendimia de la D.O.P. Cari\u00f1ena (26-9-21)\" width=\"260\" height=\"146\" src=\"https:\/\/www.youtube.com\/embed\/IPAYMK8ako0?feature=oembed\" frameborder=\"0\" allow=\"accelerometer; autoplay; clipboard-write; encrypted-media; gyroscope; picture-in-picture; web-share\" referrerpolicy=\"strict-origin-when-cross-origin\" allowfullscreen><\/iframe>\t\t\t\t\t\t\t\t\t<div class=\"wpb-video-content\">\n\t\t\t\t\t\t\t\t\t\t<h3>El oto\u00f1o en Cari\u00f1ena<\/h3>\t\t\t\t\t\t\t\t\t\t\t\t\t\t\t\t\t\t\t\t\t\t\t\t\t\t\t\t\t<\/div>\n\t\t\t\t\t\t\t\t<\/div>\n\t\t\t\t\t\t\t<\/div>\n\t\t\t\t\t\t<\/div>\n\t\t\t\t\t\n\t\t\t\t\t\t\n\t\t\t\t\t\t<div class=\"wpb-ea-videos-grid-item-column col-lg-4 col-md-6\">\n\t\t\t\t\t\t\t<div class=\"wpb-ea-videos-grid-item\">\n\t\t\t\t\t\t\t\t<div class=\"wpb-ea-videos-grid-item-inner\">\n\t\t\t\t\t\t\t\t\t<iframe title=\"Estado fenol\u00f3gico de la vid. Floraci\u00f3n\" width=\"260\" height=\"146\" src=\"https:\/\/www.youtube.com\/embed\/xRqGHM1gq98?feature=oembed\" frameborder=\"0\" allow=\"accelerometer; autoplay; clipboard-write; encrypted-media; gyroscope; picture-in-picture; web-share\" referrerpolicy=\"strict-origin-when-cross-origin\" allowfullscreen><\/iframe>\t\t\t\t\t\t\t\t\t<div class=\"wpb-video-content\">\n\t\t\t\t\t\t\t\t\t\t<h3>55 Fiesta de la Vendimia<\/h3>\t\t\t\t\t\t\t\t\t\t\t\t\t\t\t\t\t\t\t\t\t\t\t\t\t\t\t\t\t<\/div>\n\t\t\t\t\t\t\t\t<\/div>\n\t\t\t\t\t\t\t<\/div>\n\t\t\t\t\t\t<\/div>\n\t\t\t\t\t\n\t\t\t\t\t\t\n\t\t\t\t\t\t<div class=\"wpb-ea-videos-grid-item-column col-lg-4 col-md-6\">\n\t\t\t\t\t\t\t<div class=\"wpb-ea-videos-grid-item\">\n\t\t\t\t\t\t\t\t<div class=\"wpb-ea-videos-grid-item-inner\">\n\t\t\t\t\t\t\t\t\t<iframe title=\"Estado fenol\u00f3gico de la vid. Floraci\u00f3n\" width=\"260\" height=\"146\" src=\"https:\/\/www.youtube.com\/embed\/xRqGHM1gq98?feature=oembed\" frameborder=\"0\" allow=\"accelerometer; autoplay; clipboard-write; encrypted-media; gyroscope; picture-in-picture; web-share\" referrerpolicy=\"strict-origin-when-cross-origin\" allowfullscreen><\/iframe>\t\t\t\t\t\t\t\t\t<div class=\"wpb-video-content\">\n\t\t\t\t\t\t\t\t\t\t<h3>55 Fiesta de la Vendimia<\/h3>\t\t\t\t\t\t\t\t\t\t\t\t\t\t\t\t\t\t\t\t\t\t\t\t\t\t\t\t\t<\/div>\n\t\t\t\t\t\t\t\t<\/div>\n\t\t\t\t\t\t\t<\/div>\n\t\t\t\t\t\t<\/div>\n\t\t\t\t\t\n\t\t\t\t\t\t\n\t\t\t\t\t\t<div class=\"wpb-ea-videos-grid-item-column col-lg-4 col-md-6\">\n\t\t\t\t\t\t\t<div class=\"wpb-ea-videos-grid-item\">\n\t\t\t\t\t\t\t\t<div class=\"wpb-ea-videos-grid-item-inner\">\n\t\t\t\t\t\t\t\t\t<iframe title=\"Estado fenol\u00f3gico de la vid. Floraci\u00f3n\" width=\"260\" height=\"146\" src=\"https:\/\/www.youtube.com\/embed\/xRqGHM1gq98?feature=oembed\" frameborder=\"0\" allow=\"accelerometer; autoplay; clipboard-write; encrypted-media; gyroscope; picture-in-picture; web-share\" referrerpolicy=\"strict-origin-when-cross-origin\" allowfullscreen><\/iframe>\t\t\t\t\t\t\t\t\t<div class=\"wpb-video-content\">\n\t\t\t\t\t\t\t\t\t\t<h3>55 Fiesta de la Vendimia<\/h3>\t\t\t\t\t\t\t\t\t\t\t\t\t\t\t\t\t\t\t\t\t\t\t\t\t\t\t\t\t<\/div>\n\t\t\t\t\t\t\t\t<\/div>\n\t\t\t\t\t\t\t<\/div>\n\t\t\t\t\t\t<\/div>\n\t\t\t\t\t\n\t\t\t\t\t\t\n\t\t\t\t\t\t<div class=\"wpb-ea-videos-grid-item-column col-lg-4 col-md-6\">\n\t\t\t\t\t\t\t<div class=\"wpb-ea-videos-grid-item\">\n\t\t\t\t\t\t\t\t<div class=\"wpb-ea-videos-grid-item-inner\">\n\t\t\t\t\t\t\t\t\t<iframe title=\"Estado fenol\u00f3gico de la vid. Floraci\u00f3n\" width=\"260\" height=\"146\" src=\"https:\/\/www.youtube.com\/embed\/xRqGHM1gq98?feature=oembed\" frameborder=\"0\" allow=\"accelerometer; autoplay; clipboard-write; encrypted-media; gyroscope; picture-in-picture; web-share\" referrerpolicy=\"strict-origin-when-cross-origin\" allowfullscreen><\/iframe>\t\t\t\t\t\t\t\t\t<div class=\"wpb-video-content\">\n\t\t\t\t\t\t\t\t\t\t<h3>Estado fenol\u00f3gico de la vid. Floraci\u00f3n<\/h3>\t\t\t\t\t\t\t\t\t\t\t\t\t\t\t\t\t\t\t\t\t\t\t\t\t\t\t\t\t<\/div>\n\t\t\t\t\t\t\t\t<\/div>\n\t\t\t\t\t\t\t<\/div>\n\t\t\t\t\t\t<\/div>\n\t\t\t\t\t\n\t\t\t\t\t\t\n\t\t\t\t\t\t<div class=\"wpb-ea-videos-grid-item-column col-lg-4 col-md-6\">\n\t\t\t\t\t\t\t<div class=\"wpb-ea-videos-grid-item\">\n\t\t\t\t\t\t\t\t<div class=\"wpb-ea-videos-grid-item-inner\">\n\t\t\t\t\t\t\t\t\t<iframe title=\"La vid con hojas incipientes y extendidas\" width=\"260\" height=\"146\" src=\"https:\/\/www.youtube.com\/embed\/54eL5B75Jt0?feature=oembed\" frameborder=\"0\" allow=\"accelerometer; autoplay; clipboard-write; encrypted-media; gyroscope; picture-in-picture; web-share\" referrerpolicy=\"strict-origin-when-cross-origin\" allowfullscreen><\/iframe>\t\t\t\t\t\t\t\t\t<div class=\"wpb-video-content\">\n\t\t\t\t\t\t\t\t\t\t<h3>La vid con hojas incipientes y extendidas<\/h3>\t\t\t\t\t\t\t\t\t\t\t\t\t\t\t\t\t\t\t\t\t\t\t\t\t\t\t\t\t<\/div>\n\t\t\t\t\t\t\t\t<\/div>\n\t\t\t\t\t\t\t<\/div>\n\t\t\t\t\t\t<\/div>\n\t\t\t\t\t\n\t\t\t\t\t\t\n\t\t\t\t\t\t<div class=\"wpb-ea-videos-grid-item-column col-lg-4 col-md-6\">\n\t\t\t\t\t\t\t<div class=\"wpb-ea-videos-grid-item\">\n\t\t\t\t\t\t\t\t<div class=\"wpb-ea-videos-grid-item-inner\">\n\t\t\t\t\t\t\t\t\t<iframe title=\"Protected Designation of Origin Cari\u00f1ena   Arag\u00f3n Alimentos Nobles\" width=\"260\" height=\"146\" src=\"https:\/\/www.youtube.com\/embed\/mvlkE9xpOBY?feature=oembed\" frameborder=\"0\" allow=\"accelerometer; autoplay; clipboard-write; encrypted-media; gyroscope; picture-in-picture; web-share\" referrerpolicy=\"strict-origin-when-cross-origin\" allowfullscreen><\/iframe>\t\t\t\t\t\t\t\t\t<div class=\"wpb-video-content\">\n\t\t\t\t\t\t\t\t\t\t<h3>Protected Designation of Origin Cari\u00f1ena Arag\u00f3n Alimentos Nobles<\/h3>\t\t\t\t\t\t\t\t\t\t\t\t\t\t\t\t\t\t\t\t\t\t\t\t\t\t\t\t\t<\/div>\n\t\t\t\t\t\t\t\t<\/div>\n\t\t\t\t\t\t\t<\/div>\n\t\t\t\t\t\t<\/div>\n\t\t\t\t\t\n\t\t\t\t\t\t\n\t\t\t\t\t\t<div class=\"wpb-ea-videos-grid-item-column col-lg-4 col-md-6\">\n\t\t\t\t\t\t\t<div class=\"wpb-ea-videos-grid-item\">\n\t\t\t\t\t\t\t\t<div class=\"wpb-ea-videos-grid-item-inner\">\n\t\t\t\t\t\t\t\t\t<iframe title=\"Denominaci\u00f3n de Origen Protegida Cari\u00f1ena   Arag\u00f3n Alimentos Nobles\" width=\"260\" height=\"146\" src=\"https:\/\/www.youtube.com\/embed\/hA-mM3uULU4?feature=oembed\" frameborder=\"0\" allow=\"accelerometer; autoplay; clipboard-write; encrypted-media; gyroscope; picture-in-picture; web-share\" referrerpolicy=\"strict-origin-when-cross-origin\" allowfullscreen><\/iframe>\t\t\t\t\t\t\t\t\t<div class=\"wpb-video-content\">\n\t\t\t\t\t\t\t\t\t\t<h3>Denominaci\u00f3n de Origen Protegida Cari\u00f1ena Arag\u00f3n Alimentos Nobles<\/h3>\t\t\t\t\t\t\t\t\t\t\t\t\t\t\t\t\t\t\t\t\t\t\t\t\t\t\t\t\t<\/div>\n\t\t\t\t\t\t\t\t<\/div>\n\t\t\t\t\t\t\t<\/div>\n\t\t\t\t\t\t<\/div>\n\t\t\t\t\t\n\t\t\t\t\t\t\n\t\t\t\t\t\t<div class=\"wpb-ea-videos-grid-item-column col-lg-4 col-md-6\">\n\t\t\t\t\t\t\t<div class=\"wpb-ea-videos-grid-item\">\n\t\t\t\t\t\t\t\t<div class=\"wpb-ea-videos-grid-item-inner\">\n\t\t\t\t\t\t\t\t\t<iframe title=\"Spot El Vino de las Piedras - Cerca de ti (2020)\" width=\"260\" height=\"146\" src=\"https:\/\/www.youtube.com\/embed\/5_LeSA3F7rI?feature=oembed\" frameborder=\"0\" allow=\"accelerometer; autoplay; clipboard-write; encrypted-media; gyroscope; picture-in-picture; web-share\" referrerpolicy=\"strict-origin-when-cross-origin\" allowfullscreen><\/iframe>\t\t\t\t\t\t\t\t\t<div class=\"wpb-video-content\">\n\t\t\t\t\t\t\t\t\t\t<h3>Spot El Vino de las Piedras - Cerca de ti (2020)<\/h3>\t\t\t\t\t\t\t\t\t\t\t\t\t\t\t\t\t\t\t\t\t\t\t\t\t\t\t\t\t<\/div>\n\t\t\t\t\t\t\t\t<\/div>\n\t\t\t\t\t\t\t<\/div>\n\t\t\t\t\t\t<\/div>\n\t\t\t\t\t\n\t\t\t\t\t\t\n\t\t\t\t\t\t<div class=\"wpb-ea-videos-grid-item-column col-lg-4 col-md-6\">\n\t\t\t\t\t\t\t<div class=\"wpb-ea-videos-grid-item\">\n\t\t\t\t\t\t\t\t<div class=\"wpb-ea-videos-grid-item-inner\">\n\t\t\t\t\t\t\t\t\t<iframe title=\"Spot El Vino de las Piedras - Ahora el protagonista eres t\u00fa (2020)\" width=\"260\" height=\"146\" src=\"https:\/\/www.youtube.com\/embed\/VMZ08akD-rA?feature=oembed\" frameborder=\"0\" allow=\"accelerometer; autoplay; clipboard-write; encrypted-media; gyroscope; picture-in-picture; web-share\" referrerpolicy=\"strict-origin-when-cross-origin\" allowfullscreen><\/iframe>\t\t\t\t\t\t\t\t\t<div class=\"wpb-video-content\">\n\t\t\t\t\t\t\t\t\t\t<h3>Spot El Vino de las Piedras - Ahora el protagonista eres t\u00fa (2020)<\/h3>\t\t\t\t\t\t\t\t\t\t\t\t\t\t\t\t\t\t\t\t\t\t\t\t\t\t\t\t\t<\/div>\n\t\t\t\t\t\t\t\t<\/div>\n\t\t\t\t\t\t\t<\/div>\n\t\t\t\t\t\t<\/div>\n\t\t\t\t\t\n\t\t\t\t\t\t\n\t\t\t\t\t\t<div class=\"wpb-ea-videos-grid-item-column col-lg-4 col-md-6\">\n\t\t\t\t\t\t\t<div class=\"wpb-ea-videos-grid-item\">\n\t\t\t\t\t\t\t\t<div class=\"wpb-ea-videos-grid-item-inner\">\n\t\t\t\t\t\t\t\t\t<iframe title=\"Spot El Vino de las Piedras - Ahora el protagonista eres t\u00fa (2020) - sorteos\" width=\"260\" height=\"146\" src=\"https:\/\/www.youtube.com\/embed\/PII6SXatH38?feature=oembed\" frameborder=\"0\" allow=\"accelerometer; autoplay; clipboard-write; encrypted-media; gyroscope; picture-in-picture; web-share\" referrerpolicy=\"strict-origin-when-cross-origin\" allowfullscreen><\/iframe>\t\t\t\t\t\t\t\t\t<div class=\"wpb-video-content\">\n\t\t\t\t\t\t\t\t\t\t<h3>Spot El Vino de las Piedras - Ahora el protagonista eres t\u00fa (2020) - Sorteos<\/h3>\t\t\t\t\t\t\t\t\t\t\t\t\t\t\t\t\t\t\t\t\t\t\t\t\t\t\t\t\t<\/div>\n\t\t\t\t\t\t\t\t<\/div>\n\t\t\t\t\t\t\t<\/div>\n\t\t\t\t\t\t<\/div>\n\t\t\t\t\t\n\t\t\t\t\t\t\n\t\t\t\t\t\t<div class=\"wpb-ea-videos-grid-item-column col-lg-4 col-md-6\">\n\t\t\t\t\t\t\t<div class=\"wpb-ea-videos-grid-item\">\n\t\t\t\t\t\t\t\t<div class=\"wpb-ea-videos-grid-item-inner\">\n\t\t\t\t\t\t\t\t\t<iframe title=\"La D.O.P. Cari\u00f1ena homenajea a las v\u00edctimas del COVID-19\" width=\"260\" height=\"146\" src=\"https:\/\/www.youtube.com\/embed\/SWBfsXslxX0?feature=oembed\" frameborder=\"0\" allow=\"accelerometer; autoplay; clipboard-write; encrypted-media; gyroscope; picture-in-picture; web-share\" referrerpolicy=\"strict-origin-when-cross-origin\" allowfullscreen><\/iframe>\t\t\t\t\t\t\t\t\t<div class=\"wpb-video-content\">\n\t\t\t\t\t\t\t\t\t\t<h3>54\u00aa Fiesta de la Vendimia \u2013 Homenaje a las v\u00edctimas del covid<\/h3>\t\t\t\t\t\t\t\t\t\t\t\t\t\t\t\t\t\t\t\t\t\t\t\t\t\t\t\t\t<\/div>\n\t\t\t\t\t\t\t\t<\/div>\n\t\t\t\t\t\t\t<\/div>\n\t\t\t\t\t\t<\/div>\n\t\t\t\t\t\n\t\t\t\t\t\t\n\t\t\t\t\t\t<div class=\"wpb-ea-videos-grid-item-column col-lg-4 col-md-6\">\n\t\t\t\t\t\t\t<div class=\"wpb-ea-videos-grid-item\">\n\t\t\t\t\t\t\t\t<div class=\"wpb-ea-videos-grid-item-inner\">\n\t\t\t\t\t\t\t\t\t<iframe title=\"Spot El Vino de las Piedras - Cerca de ti (2020) - sorteos\" width=\"260\" height=\"146\" src=\"https:\/\/www.youtube.com\/embed\/vRVXdIMSn2Q?feature=oembed\" frameborder=\"0\" allow=\"accelerometer; autoplay; clipboard-write; encrypted-media; gyroscope; picture-in-picture; web-share\" referrerpolicy=\"strict-origin-when-cross-origin\" allowfullscreen><\/iframe>\t\t\t\t\t\t\t\t\t<div class=\"wpb-video-content\">\n\t\t\t\t\t\t\t\t\t\t<h3>Spot El Vino de las Piedras - Cerca de ti (2020) - Sorteos<\/h3>\t\t\t\t\t\t\t\t\t\t\t\t\t\t\t\t\t\t\t\t\t\t\t\t\t\t\t\t\t<\/div>\n\t\t\t\t\t\t\t\t<\/div>\n\t\t\t\t\t\t\t<\/div>\n\t\t\t\t\t\t<\/div>\n\t\t\t\t\t\n\t\t\t\t\t\t\n\t\t\t\t\t\t<div class=\"wpb-ea-videos-grid-item-column col-lg-4 col-md-6\">\n\t\t\t\t\t\t\t<div class=\"wpb-ea-videos-grid-item\">\n\t\t\t\t\t\t\t\t<div class=\"wpb-ea-videos-grid-item-inner\">\n\t\t\t\t\t\t\t\t\t<iframe title=\"El Vino de las Piedras. Qu\u00e9date en casa\" width=\"260\" height=\"146\" src=\"https:\/\/www.youtube.com\/embed\/E64dH2agyIk?feature=oembed\" frameborder=\"0\" allow=\"accelerometer; autoplay; clipboard-write; encrypted-media; gyroscope; picture-in-picture; web-share\" referrerpolicy=\"strict-origin-when-cross-origin\" allowfullscreen><\/iframe>\t\t\t\t\t\t\t\t\t<div class=\"wpb-video-content\">\n\t\t\t\t\t\t\t\t\t\t<h3>Qu\u00e9date en casa - El Vino de las Piedras<\/h3>\t\t\t\t\t\t\t\t\t\t\t\t\t\t\t\t\t\t\t\t\t\t\t\t\t\t\t\t\t<\/div>\n\t\t\t\t\t\t\t\t<\/div>\n\t\t\t\t\t\t\t<\/div>\n\t\t\t\t\t\t<\/div>\n\t\t\t\t\t\n\t\t\t\t\t\t\n\t\t\t\t\t\t<div class=\"wpb-ea-videos-grid-item-column col-lg-4 col-md-6\">\n\t\t\t\t\t\t\t<div class=\"wpb-ea-videos-grid-item\">\n\t\t\t\t\t\t\t\t<div class=\"wpb-ea-videos-grid-item-inner\">\n\t\t\t\t\t\t\t\t\t<iframe title=\"53\u00ba Fiesta de la Vendimia de la D.O.P. Cari\u00f1ena (22-9-19)\" width=\"260\" height=\"146\" src=\"https:\/\/www.youtube.com\/embed\/wd_J7WVo9Xk?feature=oembed\" frameborder=\"0\" allow=\"accelerometer; autoplay; clipboard-write; encrypted-media; gyroscope; picture-in-picture; web-share\" referrerpolicy=\"strict-origin-when-cross-origin\" allowfullscreen><\/iframe>\t\t\t\t\t\t\t\t\t<div class=\"wpb-video-content\">\n\t\t\t\t\t\t\t\t\t\t<h3>53\u00aa Fiesta de la Vendimia 2019<\/h3>\t\t\t\t\t\t\t\t\t\t\t\t\t\t\t\t\t\t\t\t\t\t\t\t\t\t\t\t\t<\/div>\n\t\t\t\t\t\t\t\t<\/div>\n\t\t\t\t\t\t\t<\/div>\n\t\t\t\t\t\t<\/div>\n\t\t\t\t\t\n\t\t\t\t\t\t\n\t\t\t\t\t\t<div class=\"wpb-ea-videos-grid-item-column col-lg-4 col-md-6\">\n\t\t\t\t\t\t\t<div class=\"wpb-ea-videos-grid-item\">\n\t\t\t\t\t\t\t\t<div class=\"wpb-ea-videos-grid-item-inner\">\n\t\t\t\t\t\t\t\t\t<iframe title=\"Ant\u00f3n Castro presenta una nueva edici\u00f3n ampliada de la novela &quot;Cari\u00f1ena&quot;\" width=\"260\" height=\"146\" src=\"https:\/\/www.youtube.com\/embed\/5bR4tV0xY8U?feature=oembed\" frameborder=\"0\" allow=\"accelerometer; autoplay; clipboard-write; encrypted-media; gyroscope; picture-in-picture; web-share\" referrerpolicy=\"strict-origin-when-cross-origin\" allowfullscreen><\/iframe>\t\t\t\t\t\t\t\t\t<div class=\"wpb-video-content\">\n\t\t\t\t\t\t\t\t\t\t<h3>Ant\u00f3n Castro presenta una nueva edici\u00f3n ampliada de la novela &quot;Cari\u00f1ena&quot;<\/h3>\t\t\t\t\t\t\t\t\t\t\t\t\t\t\t\t\t\t\t\t\t\t\t\t\t\t\t\t\t<\/div>\n\t\t\t\t\t\t\t\t<\/div>\n\t\t\t\t\t\t\t<\/div>\n\t\t\t\t\t\t<\/div>\n\t\t\t\t\t\n\t\t\t\t\t\t\n\t\t\t\t\t\t<div class=\"wpb-ea-videos-grid-item-column col-lg-4 col-md-6\">\n\t\t\t\t\t\t\t<div class=\"wpb-ea-videos-grid-item\">\n\t\t\t\t\t\t\t\t<div class=\"wpb-ea-videos-grid-item-inner\">\n\t\t\t\t\t\t\t\t\t<iframe title=\"52\u00aa Fiesta de la Vendimia de la D.O.P. Cari\u00f1ena (23-9-18)\" width=\"260\" height=\"146\" src=\"https:\/\/www.youtube.com\/embed\/q-wsVIxRCr0?feature=oembed\" frameborder=\"0\" allow=\"accelerometer; autoplay; clipboard-write; encrypted-media; gyroscope; picture-in-picture; web-share\" referrerpolicy=\"strict-origin-when-cross-origin\" allowfullscreen><\/iframe>\t\t\t\t\t\t\t\t\t<div class=\"wpb-video-content\">\n\t\t\t\t\t\t\t\t\t\t<h3>52\u00aa Fiesta de la Vendimia 2018<\/h3>\t\t\t\t\t\t\t\t\t\t\t\t\t\t\t\t\t\t\t\t\t\t\t\t\t\t\t\t\t<\/div>\n\t\t\t\t\t\t\t\t<\/div>\n\t\t\t\t\t\t\t<\/div>\n\t\t\t\t\t\t<\/div>\n\t\t\t\t\t\n\t\t\t\t\t\t\n\t\t\t\t\t\t<div class=\"wpb-ea-videos-grid-item-column col-lg-4 col-md-6\">\n\t\t\t\t\t\t\t<div class=\"wpb-ea-videos-grid-item\">\n\t\t\t\t\t\t\t\t<div class=\"wpb-ea-videos-grid-item-inner\">\n\t\t\t\t\t\t\t\t\t<iframe title=\"Resumen 50\u00aa Fiesta de la Vendimia 2016 de la D.O.P. Cari\u00f1ena\" width=\"260\" height=\"146\" src=\"https:\/\/www.youtube.com\/embed\/fbs0DhnR89M?feature=oembed\" frameborder=\"0\" allow=\"accelerometer; autoplay; clipboard-write; encrypted-media; gyroscope; picture-in-picture; web-share\" referrerpolicy=\"strict-origin-when-cross-origin\" allowfullscreen><\/iframe>\t\t\t\t\t\t\t\t\t<div class=\"wpb-video-content\">\n\t\t\t\t\t\t\t\t\t\t<h3>Resumen 50\u00aa Fiesta de la Vendimia 2016<\/h3>\t\t\t\t\t\t\t\t\t\t\t\t\t\t\t\t\t\t\t\t\t\t\t\t\t\t\t\t\t<\/div>\n\t\t\t\t\t\t\t\t<\/div>\n\t\t\t\t\t\t\t<\/div>\n\t\t\t\t\t\t<\/div>\n\t\t\t\t\t\n\t\t\t\t\t\t\n\t\t\t\t\t\t<div class=\"wpb-ea-videos-grid-item-column col-lg-4 col-md-6\">\n\t\t\t\t\t\t\t<div class=\"wpb-ea-videos-grid-item\">\n\t\t\t\t\t\t\t\t<div class=\"wpb-ea-videos-grid-item-inner\">\n\t\t\t\t\t\t\t\t\t<iframe title=\"\u00c9xito de la campa\u00f1a &quot;Sorpresas en el restaurante&quot; 2018 de la D.O.P. Cari\u00f1ena\" width=\"260\" height=\"146\" src=\"https:\/\/www.youtube.com\/embed\/gFxikKd_BLg?feature=oembed\" frameborder=\"0\" allow=\"accelerometer; autoplay; clipboard-write; encrypted-media; gyroscope; picture-in-picture; web-share\" referrerpolicy=\"strict-origin-when-cross-origin\" allowfullscreen><\/iframe>\t\t\t\t\t\t\t\t\t<div class=\"wpb-video-content\">\n\t\t\t\t\t\t\t\t\t\t<h3>\u00c9xito de &quot;Sopresas en el restaurante&quot; 2018<\/h3>\t\t\t\t\t\t\t\t\t\t\t\t\t\t\t\t\t\t\t\t\t\t\t\t\t\t\t\t\t<\/div>\n\t\t\t\t\t\t\t\t<\/div>\n\t\t\t\t\t\t\t<\/div>\n\t\t\t\t\t\t<\/div>\n\t\t\t\t\t\n\t\t\t\t\t\t\n\t\t\t\t\t\t<div class=\"wpb-ea-videos-grid-item-column col-lg-4 col-md-6\">\n\t\t\t\t\t\t\t<div class=\"wpb-ea-videos-grid-item\">\n\t\t\t\t\t\t\t\t<div class=\"wpb-ea-videos-grid-item-inner\">\n\t\t\t\t\t\t\t\t\t<iframe title=\"Spot &quot;Sorpresas en el Restaurante&quot; 2018 (D.O.P. CARI\u00d1ENA)\" width=\"260\" height=\"146\" src=\"https:\/\/www.youtube.com\/embed\/qua0qBVxAEI?feature=oembed\" frameborder=\"0\" allow=\"accelerometer; autoplay; clipboard-write; encrypted-media; gyroscope; picture-in-picture; web-share\" referrerpolicy=\"strict-origin-when-cross-origin\" allowfullscreen><\/iframe>\t\t\t\t\t\t\t\t\t<div class=\"wpb-video-content\">\n\t\t\t\t\t\t\t\t\t\t<h3>Spot &quot;Sorpresas en el restaurante&quot; 2018<\/h3>\t\t\t\t\t\t\t\t\t\t\t\t\t\t\t\t\t\t\t\t\t\t\t\t\t\t\t\t\t<\/div>\n\t\t\t\t\t\t\t\t<\/div>\n\t\t\t\t\t\t\t<\/div>\n\t\t\t\t\t\t<\/div>\n\t\t\t\t\t\n\t\t\t\t\t\t\n\t\t\t\t\t\t<div class=\"wpb-ea-videos-grid-item-column col-lg-4 col-md-6\">\n\t\t\t\t\t\t\t<div class=\"wpb-ea-videos-grid-item\">\n\t\t\t\t\t\t\t\t<div class=\"wpb-ea-videos-grid-item-inner\">\n\t\t\t\t\t\t\t\t\t<iframe title=\"Santiago Segura en el II D\u00eda Movimiento Vino D.O. en Cari\u00f1ena (12-5-18)\" width=\"260\" height=\"146\" src=\"https:\/\/www.youtube.com\/embed\/M0WAog5Y7vw?feature=oembed\" frameborder=\"0\" allow=\"accelerometer; autoplay; clipboard-write; encrypted-media; gyroscope; picture-in-picture; web-share\" referrerpolicy=\"strict-origin-when-cross-origin\" allowfullscreen><\/iframe>\t\t\t\t\t\t\t\t\t<div class=\"wpb-video-content\">\n\t\t\t\t\t\t\t\t\t\t<h3>II d\u00eda movimiento vino D.O. con Santiago Segura<\/h3>\t\t\t\t\t\t\t\t\t\t\t\t\t\t\t\t\t\t\t\t\t\t\t\t\t\t\t\t\t<\/div>\n\t\t\t\t\t\t\t\t<\/div>\n\t\t\t\t\t\t\t<\/div>\n\t\t\t\t\t\t<\/div>\n\t\t\t\t\t\n\t\t\t\t\t\t\n\t\t\t\t\t\t<div class=\"wpb-ea-videos-grid-item-column col-lg-4 col-md-6\">\n\t\t\t\t\t\t\t<div class=\"wpb-ea-videos-grid-item\">\n\t\t\t\t\t\t\t\t<div class=\"wpb-ea-videos-grid-item-inner\">\n\t\t\t\t\t\t\t\t\t<iframe title=\"51\u00aa Fiesta de la Vendimia de la D.O.P. Cari\u00f1ena (24-9-17)\" width=\"260\" height=\"146\" src=\"https:\/\/www.youtube.com\/embed\/sv17YBpgSSk?feature=oembed\" frameborder=\"0\" allow=\"accelerometer; autoplay; clipboard-write; encrypted-media; gyroscope; picture-in-picture; web-share\" referrerpolicy=\"strict-origin-when-cross-origin\" allowfullscreen><\/iframe>\t\t\t\t\t\t\t\t\t<div class=\"wpb-video-content\">\n\t\t\t\t\t\t\t\t\t\t<h3>51\u00aa Fiesta de la Vendimia 2017<\/h3>\t\t\t\t\t\t\t\t\t\t\t\t\t\t\t\t\t\t\t\t\t\t\t\t\t\t\t\t\t<\/div>\n\t\t\t\t\t\t\t\t<\/div>\n\t\t\t\t\t\t\t<\/div>\n\t\t\t\t\t\t<\/div>\n\t\t\t\t\t\n\t\t\t\t\t\t\n\t\t\t\t\t\t<div class=\"wpb-ea-videos-grid-item-column col-lg-4 col-md-6\">\n\t\t\t\t\t\t\t<div class=\"wpb-ea-videos-grid-item\">\n\t\t\t\t\t\t\t\t<div class=\"wpb-ea-videos-grid-item-inner\">\n\t\t\t\t\t\t\t\t\t<iframe title=\"Presentaci\u00f3n de &quot;Septiembre en Cari\u00f1ena&quot; (29-8-2017)\" width=\"260\" height=\"146\" src=\"https:\/\/www.youtube.com\/embed\/5iCuU8sStBM?feature=oembed\" frameborder=\"0\" allow=\"accelerometer; autoplay; clipboard-write; encrypted-media; gyroscope; picture-in-picture; web-share\" referrerpolicy=\"strict-origin-when-cross-origin\" allowfullscreen><\/iframe>\t\t\t\t\t\t\t\t\t<div class=\"wpb-video-content\">\n\t\t\t\t\t\t\t\t\t\t<h3>Presentaci\u00f3n de &quot;Septiembre en Cari\u00f1ena&quot; (29-08-2017)<\/h3>\t\t\t\t\t\t\t\t\t\t\t\t\t\t\t\t\t\t\t\t\t\t\t\t\t\t\t\t\t<\/div>\n\t\t\t\t\t\t\t\t<\/div>\n\t\t\t\t\t\t\t<\/div>\n\t\t\t\t\t\t<\/div>\n\t\t\t\t\t\n\t\t\t\t\t\t\n\t\t\t\t\t\t<div class=\"wpb-ea-videos-grid-item-column col-lg-4 col-md-6\">\n\t\t\t\t\t\t\t<div class=\"wpb-ea-videos-grid-item\">\n\t\t\t\t\t\t\t\t<div class=\"wpb-ea-videos-grid-item-inner\">\n\t\t\t\t\t\t\t\t\t<iframe title=\"Spot &quot;Sorpresas en el restaurante&quot; - &quot;El Vino de las Piedras&quot; D.O.P. Cari\u00f1ena\" width=\"260\" height=\"146\" src=\"https:\/\/www.youtube.com\/embed\/pcmiH_x4H74?feature=oembed\" frameborder=\"0\" allow=\"accelerometer; autoplay; clipboard-write; encrypted-media; gyroscope; picture-in-picture; web-share\" referrerpolicy=\"strict-origin-when-cross-origin\" allowfullscreen><\/iframe>\t\t\t\t\t\t\t\t\t<div class=\"wpb-video-content\">\n\t\t\t\t\t\t\t\t\t\t<h3>Spot &quot;Sorpresas en el restaurante&quot; - &quot;El Vino de las Piedras&quot; D.O.P. Cari\u00f1ena<\/h3>\t\t\t\t\t\t\t\t\t\t\t\t\t\t\t\t\t\t\t\t\t\t\t\t\t\t\t\t\t<\/div>\n\t\t\t\t\t\t\t\t<\/div>\n\t\t\t\t\t\t\t<\/div>\n\t\t\t\t\t\t<\/div>\n\t\t\t\t\t\n\t\t\t\t\t\t\n\t\t\t\t\t\t<div class=\"wpb-ea-videos-grid-item-column col-lg-4 col-md-6\">\n\t\t\t\t\t\t\t<div class=\"wpb-ea-videos-grid-item\">\n\t\t\t\t\t\t\t\t<div class=\"wpb-ea-videos-grid-item-inner\">\n\t\t\t\t\t\t\t\t\t<iframe title=\"Spot D.O.P. Cari\u00f1ena - El Vino de las Piedras\" width=\"260\" height=\"146\" src=\"https:\/\/www.youtube.com\/embed\/xmGc1BtDzYg?feature=oembed\" frameborder=\"0\" allow=\"accelerometer; autoplay; clipboard-write; encrypted-media; gyroscope; picture-in-picture; web-share\" referrerpolicy=\"strict-origin-when-cross-origin\" allowfullscreen><\/iframe>\t\t\t\t\t\t\t\t\t<div class=\"wpb-video-content\">\n\t\t\t\t\t\t\t\t\t\t<h3>Spot D.O.P. Cari\u00f1ena - El Vino de las Piedras 2017<\/h3>\t\t\t\t\t\t\t\t\t\t\t\t\t\t\t\t\t\t\t\t\t\t\t\t\t\t\t\t\t<\/div>\n\t\t\t\t\t\t\t\t<\/div>\n\t\t\t\t\t\t\t<\/div>\n\t\t\t\t\t\t<\/div>\n\t\t\t\t\t\n\t\t\t\t\t\t\n\t\t\t\t\t\t<div class=\"wpb-ea-videos-grid-item-column col-lg-4 col-md-6\">\n\t\t\t\t\t\t\t<div class=\"wpb-ea-videos-grid-item\">\n\t\t\t\t\t\t\t\t<div class=\"wpb-ea-videos-grid-item-inner\">\n\t\t\t\t\t\t\t\t\t<iframe title=\"Ignacio Casamitjana explica sus objetivos como nuevo presidente de la D.O.P. Cari\u00f1ena\" width=\"260\" height=\"146\" src=\"https:\/\/www.youtube.com\/embed\/MMmGEk4TXZk?feature=oembed\" frameborder=\"0\" allow=\"accelerometer; autoplay; clipboard-write; encrypted-media; gyroscope; picture-in-picture; web-share\" referrerpolicy=\"strict-origin-when-cross-origin\" allowfullscreen><\/iframe>\t\t\t\t\t\t\t\t\t<div class=\"wpb-video-content\">\n\t\t\t\t\t\t\t\t\t\t<h3>Ignacio Casamitjana explica sus objetivos como nuevo presidente de la D.O.P. Cari\u00f1ena<\/h3>\t\t\t\t\t\t\t\t\t\t\t\t\t\t\t\t\t\t\t\t\t\t\t\t\t\t\t\t\t<\/div>\n\t\t\t\t\t\t\t\t<\/div>\n\t\t\t\t\t\t\t<\/div>\n\t\t\t\t\t\t<\/div>\n\t\t\t\t\t\n\t\t\t\t\t\t\n\t\t\t\t\t\t<div class=\"wpb-ea-videos-grid-item-column col-lg-4 col-md-6\">\n\t\t\t\t\t\t\t<div class=\"wpb-ea-videos-grid-item\">\n\t\t\t\t\t\t\t\t<div class=\"wpb-ea-videos-grid-item-inner\">\n\t\t\t\t\t\t\t\t\t<iframe title=\"Donaci\u00f3n de un manto de DOP Cari\u00f1ena a la Virgen del Pilar\" width=\"260\" height=\"146\" src=\"https:\/\/www.youtube.com\/embed\/tpstsBnX3tw?feature=oembed\" frameborder=\"0\" allow=\"accelerometer; autoplay; clipboard-write; encrypted-media; gyroscope; picture-in-picture; web-share\" referrerpolicy=\"strict-origin-when-cross-origin\" allowfullscreen><\/iframe>\t\t\t\t\t\t\t\t\t<div class=\"wpb-video-content\">\n\t\t\t\t\t\t\t\t\t\t<h3>Entrega del manto a la Virgen del Pilar<\/h3>\t\t\t\t\t\t\t\t\t\t\t\t\t\t\t\t\t\t\t\t\t\t\t\t\t\t\t\t\t<\/div>\n\t\t\t\t\t\t\t\t<\/div>\n\t\t\t\t\t\t\t<\/div>\n\t\t\t\t\t\t<\/div>\n\t\t\t\t\t\n\t\t\t\t\t\t\n\t\t\t\t\t\t<div class=\"wpb-ea-videos-grid-item-column col-lg-4 col-md-6\">\n\t\t\t\t\t\t\t<div class=\"wpb-ea-videos-grid-item\">\n\t\t\t\t\t\t\t\t<div class=\"wpb-ea-videos-grid-item-inner\">\n\t\t\t\t\t\t\t\t\t<iframe title=\"DOP CARI\u00d1ENA - Spot Descubre las sorpresas de El Vino de las Piedras\" width=\"260\" height=\"146\" src=\"https:\/\/www.youtube.com\/embed\/0YKeDy9JDKU?feature=oembed\" frameborder=\"0\" allow=\"accelerometer; autoplay; clipboard-write; encrypted-media; gyroscope; picture-in-picture; web-share\" referrerpolicy=\"strict-origin-when-cross-origin\" allowfullscreen><\/iframe>\t\t\t\t\t\t\t\t\t<div class=\"wpb-video-content\">\n\t\t\t\t\t\t\t\t\t\t<h3>Spot descubre las sorpresas del Vino de las Piedras<\/h3>\t\t\t\t\t\t\t\t\t\t\t\t\t\t\t\t\t\t\t\t\t\t\t\t\t\t\t\t\t<\/div>\n\t\t\t\t\t\t\t\t<\/div>\n\t\t\t\t\t\t\t<\/div>\n\t\t\t\t\t\t<\/div>\n\t\t\t\t\t\n\t\t\t\t\t\t\n\t\t\t\t\t\t<div class=\"wpb-ea-videos-grid-item-column col-lg-4 col-md-6\">\n\t\t\t\t\t\t\t<div class=\"wpb-ea-videos-grid-item\">\n\t\t\t\t\t\t\t\t<div class=\"wpb-ea-videos-grid-item-inner\">\n\t\t\t\t\t\t\t\t\t<iframe title=\"DOP Cari\u00f1ena - Descubre las sorpresas de El Vino de las Piedras\" width=\"260\" height=\"146\" src=\"https:\/\/www.youtube.com\/embed\/JEvkUrYDyDM?feature=oembed\" frameborder=\"0\" allow=\"accelerometer; autoplay; clipboard-write; encrypted-media; gyroscope; picture-in-picture; web-share\" referrerpolicy=\"strict-origin-when-cross-origin\" allowfullscreen><\/iframe>\t\t\t\t\t\t\t\t\t<div class=\"wpb-video-content\">\n\t\t\t\t\t\t\t\t\t\t<h3>Descubre las sorpresas del Vino de las Piedras<\/h3>\t\t\t\t\t\t\t\t\t\t\t\t\t\t\t\t\t\t\t\t\t\t\t\t\t\t\t\t\t<\/div>\n\t\t\t\t\t\t\t\t<\/div>\n\t\t\t\t\t\t\t<\/div>\n\t\t\t\t\t\t<\/div>\n\t\t\t\t\t\n\t\t\t\t\t\t\n\t\t\t\t\t\t<div class=\"wpb-ea-videos-grid-item-column col-lg-4 col-md-6\">\n\t\t\t\t\t\t\t<div class=\"wpb-ea-videos-grid-item\">\n\t\t\t\t\t\t\t\t<div class=\"wpb-ea-videos-grid-item-inner\">\n\t\t\t\t\t\t\t\t\t<iframe title=\"XLIX FIESTA DE LA VENDIMIA DE LA D.O.P. CARI\u00d1ENA\" width=\"260\" height=\"146\" src=\"https:\/\/www.youtube.com\/embed\/SuQga-btres?feature=oembed\" frameborder=\"0\" allow=\"accelerometer; autoplay; clipboard-write; encrypted-media; gyroscope; picture-in-picture; web-share\" referrerpolicy=\"strict-origin-when-cross-origin\" allowfullscreen><\/iframe>\t\t\t\t\t\t\t\t\t<div class=\"wpb-video-content\">\n\t\t\t\t\t\t\t\t\t\t<h3>XLIX Fiesta de la Vendimia D.O.P. Cari\u00f1ena<\/h3>\t\t\t\t\t\t\t\t\t\t\t\t\t\t\t\t\t\t\t\t\t\t\t\t\t\t\t\t\t<\/div>\n\t\t\t\t\t\t\t\t<\/div>\n\t\t\t\t\t\t\t<\/div>\n\t\t\t\t\t\t<\/div>\n\t\t\t\t\t\n\t\t\t\t\t\t\n\t\t\t\t\t\t<div class=\"wpb-ea-videos-grid-item-column col-lg-4 col-md-6\">\n\t\t\t\t\t\t\t<div class=\"wpb-ea-videos-grid-item\">\n\t\t\t\t\t\t\t\t<div class=\"wpb-ea-videos-grid-item-inner\">\n\t\t\t\t\t\t\t\t\t<iframe title=\"Spot TV D.O.P. Cari\u00f1ena El Vino de las Piedras 2015\" width=\"260\" height=\"146\" src=\"https:\/\/www.youtube.com\/embed\/YLUaAyVDPaU?feature=oembed\" frameborder=\"0\" allow=\"accelerometer; autoplay; clipboard-write; encrypted-media; gyroscope; picture-in-picture; web-share\" referrerpolicy=\"strict-origin-when-cross-origin\" allowfullscreen><\/iframe>\t\t\t\t\t\t\t\t\t<div class=\"wpb-video-content\">\n\t\t\t\t\t\t\t\t\t\t<h3>Spot Vino de las Piedras 2015<\/h3>\t\t\t\t\t\t\t\t\t\t\t\t\t\t\t\t\t\t\t\t\t\t\t\t\t\t\t\t\t<\/div>\n\t\t\t\t\t\t\t\t<\/div>\n\t\t\t\t\t\t\t<\/div>\n\t\t\t\t\t\t<\/div>\n\t\t\t\t\t\n\t\t\t\t\t\t\n\t\t\t\t\t\t<div class=\"wpb-ea-videos-grid-item-column col-lg-4 col-md-6\">\n\t\t\t\t\t\t\t<div class=\"wpb-ea-videos-grid-item\">\n\t\t\t\t\t\t\t\t<div class=\"wpb-ea-videos-grid-item-inner\">\n\t\t\t\t\t\t\t\t\t<iframe title=\"\u00a1C\u00f3mo nos gusta el Sal\u00f3n del Vino de las Piedras!\" width=\"260\" height=\"146\" src=\"https:\/\/www.youtube.com\/embed\/wuEC0Lr-pHY?feature=oembed\" frameborder=\"0\" allow=\"accelerometer; autoplay; clipboard-write; encrypted-media; gyroscope; picture-in-picture; web-share\" referrerpolicy=\"strict-origin-when-cross-origin\" allowfullscreen><\/iframe>\t\t\t\t\t\t\t\t\t<div class=\"wpb-video-content\">\n\t\t\t\t\t\t\t\t\t\t<h3>IV Sal\u00f3n del Vino de las Piedras<\/h3>\t\t\t\t\t\t\t\t\t\t\t\t\t\t\t\t\t\t\t\t\t\t\t\t\t\t\t\t\t<\/div>\n\t\t\t\t\t\t\t\t<\/div>\n\t\t\t\t\t\t\t<\/div>\n\t\t\t\t\t\t<\/div>\n\t\t\t\t\t\n\t\t\t\t\t\t\n\t\t\t\t\t\t<div class=\"wpb-ea-videos-grid-item-column col-lg-4 col-md-6\">\n\t\t\t\t\t\t\t<div class=\"wpb-ea-videos-grid-item\">\n\t\t\t\t\t\t\t\t<div class=\"wpb-ea-videos-grid-item-inner\">\n\t\t\t\t\t\t\t\t\t<iframe title=\"As\u00ed va a ser el IV Sal\u00f3n del Vino de las Piedras\" width=\"260\" height=\"146\" src=\"https:\/\/www.youtube.com\/embed\/nCk9aN_SkqQ?feature=oembed\" frameborder=\"0\" allow=\"accelerometer; autoplay; clipboard-write; encrypted-media; gyroscope; picture-in-picture; web-share\" referrerpolicy=\"strict-origin-when-cross-origin\" allowfullscreen><\/iframe>\t\t\t\t\t\t\t\t\t<div class=\"wpb-video-content\">\n\t\t\t\t\t\t\t\t\t\t<h3>As\u00ed va a ser el IV Sal\u00f3n del Vino de las Piedras<\/h3>\t\t\t\t\t\t\t\t\t\t\t\t\t\t\t\t\t\t\t\t\t\t\t\t\t\t\t\t\t<\/div>\n\t\t\t\t\t\t\t\t<\/div>\n\t\t\t\t\t\t\t<\/div>\n\t\t\t\t\t\t<\/div>\n\t\t\t\t\t\n\t\t\t\t\t\t\n\t\t\t\t\t\t<div class=\"wpb-ea-videos-grid-item-column col-lg-4 col-md-6\">\n\t\t\t\t\t\t\t<div class=\"wpb-ea-videos-grid-item\">\n\t\t\t\t\t\t\t\t<div class=\"wpb-ea-videos-grid-item-inner\">\n\t\t\t\t\t\t\t\t\t<iframe title=\"XLVIII FIESTA DE LA VENDIMIA DE LA D.O.P. CARI\u00d1ENA\" width=\"260\" height=\"146\" src=\"https:\/\/www.youtube.com\/embed\/i-_FdAlMvCA?feature=oembed\" frameborder=\"0\" allow=\"accelerometer; autoplay; clipboard-write; encrypted-media; gyroscope; picture-in-picture; web-share\" referrerpolicy=\"strict-origin-when-cross-origin\" allowfullscreen><\/iframe>\t\t\t\t\t\t\t\t\t<div class=\"wpb-video-content\">\n\t\t\t\t\t\t\t\t\t\t<h3>Fiesta de la Vendimia 2014<\/h3>\t\t\t\t\t\t\t\t\t\t\t\t\t\t\t\t\t\t\t\t\t\t\t\t\t\t\t\t\t<\/div>\n\t\t\t\t\t\t\t\t<\/div>\n\t\t\t\t\t\t\t<\/div>\n\t\t\t\t\t\t<\/div>\n\t\t\t\t\t\n\t\t\t\t\t\t\n\t\t\t\t\t\t<div class=\"wpb-ea-videos-grid-item-column col-lg-4 col-md-6\">\n\t\t\t\t\t\t\t<div class=\"wpb-ea-videos-grid-item\">\n\t\t\t\t\t\t\t\t<div class=\"wpb-ea-videos-grid-item-inner\">\n\t\t\t\t\t\t\t\t\t<iframe title=\"V\u00eddeo II Ruta de Verano del Vino de las Piedras de la Denominaci\u00f3n de Origen Protegida Cari\u00f1ena\" width=\"260\" height=\"146\" src=\"https:\/\/www.youtube.com\/embed\/E4cQfrL63nI?feature=oembed\" frameborder=\"0\" allow=\"accelerometer; autoplay; clipboard-write; encrypted-media; gyroscope; picture-in-picture; web-share\" referrerpolicy=\"strict-origin-when-cross-origin\" allowfullscreen><\/iframe>\t\t\t\t\t\t\t\t\t<div class=\"wpb-video-content\">\n\t\t\t\t\t\t\t\t\t\t<h3>V\u00eddeo resumen II Ruta de Verano del Vino de las Piedras<\/h3>\t\t\t\t\t\t\t\t\t\t\t\t\t\t\t\t\t\t\t\t\t\t\t\t\t\t\t\t\t<\/div>\n\t\t\t\t\t\t\t\t<\/div>\n\t\t\t\t\t\t\t<\/div>\n\t\t\t\t\t\t<\/div>\n\t\t\t\t\t\n\t\t\t\t\t\t\n\t\t\t\t\t\t<div class=\"wpb-ea-videos-grid-item-column col-lg-4 col-md-6\">\n\t\t\t\t\t\t\t<div class=\"wpb-ea-videos-grid-item\">\n\t\t\t\t\t\t\t\t<div class=\"wpb-ea-videos-grid-item-inner\">\n\t\t\t\t\t\t\t\t\t<iframe title=\"II Ruta Vino de las piedras\" width=\"260\" height=\"195\" src=\"https:\/\/www.youtube.com\/embed\/-JylHlOcw9Y?feature=oembed\" frameborder=\"0\" allow=\"accelerometer; autoplay; clipboard-write; encrypted-media; gyroscope; picture-in-picture; web-share\" referrerpolicy=\"strict-origin-when-cross-origin\" allowfullscreen><\/iframe>\t\t\t\t\t\t\t\t\t<div class=\"wpb-video-content\">\n\t\t\t\t\t\t\t\t\t\t<h3>V\u00eddeo presentaci\u00f3n II Ruta de Verano del Vino de las Piedras<\/h3>\t\t\t\t\t\t\t\t\t\t\t\t\t\t\t\t\t\t\t\t\t\t\t\t\t\t\t\t\t<\/div>\n\t\t\t\t\t\t\t\t<\/div>\n\t\t\t\t\t\t\t<\/div>\n\t\t\t\t\t\t<\/div>\n\t\t\t\t\t\n\t\t\t\t\t\t\n\t\t\t\t\t\t<div class=\"wpb-ea-videos-grid-item-column col-lg-4 col-md-6\">\n\t\t\t\t\t\t\t<div class=\"wpb-ea-videos-grid-item\">\n\t\t\t\t\t\t\t\t<div class=\"wpb-ea-videos-grid-item-inner\">\n\t\t\t\t\t\t\t\t\t<iframe title=\"III Sal\u00f3n del Vino de las Piedras\" width=\"260\" height=\"146\" src=\"https:\/\/www.youtube.com\/embed\/YAbT0XinonE?feature=oembed\" frameborder=\"0\" allow=\"accelerometer; autoplay; clipboard-write; encrypted-media; gyroscope; picture-in-picture; web-share\" referrerpolicy=\"strict-origin-when-cross-origin\" allowfullscreen><\/iframe>\t\t\t\t\t\t\t\t\t<div class=\"wpb-video-content\">\n\t\t\t\t\t\t\t\t\t\t<h3>V\u00eddeo III Sal\u00f3n del Vino de las Piedras<\/h3>\t\t\t\t\t\t\t\t\t\t\t\t\t\t\t\t\t\t\t\t\t\t\t\t\t\t\t\t\t<\/div>\n\t\t\t\t\t\t\t\t<\/div>\n\t\t\t\t\t\t\t<\/div>\n\t\t\t\t\t\t<\/div>\n\t\t\t\t\t\n\t\t\t\t\t\t\n\t\t\t\t\t\t<div class=\"wpb-ea-videos-grid-item-column col-lg-4 col-md-6\">\n\t\t\t\t\t\t\t<div class=\"wpb-ea-videos-grid-item\">\n\t\t\t\t\t\t\t\t<div class=\"wpb-ea-videos-grid-item-inner\">\n\t\t\t\t\t\t\t\t\t<iframe title=\"PRESENTACI\u00d3N III SAL\u00d3N\" width=\"260\" height=\"146\" src=\"https:\/\/www.youtube.com\/embed\/O7-t1MGpskk?feature=oembed\" frameborder=\"0\" allow=\"accelerometer; autoplay; clipboard-write; encrypted-media; gyroscope; picture-in-picture; web-share\" referrerpolicy=\"strict-origin-when-cross-origin\" allowfullscreen><\/iframe>\t\t\t\t\t\t\t\t\t<div class=\"wpb-video-content\">\n\t\t\t\t\t\t\t\t\t\t<h3>V\u00eddeo presentaci\u00f3n III Sal\u00f3n del Vino de las Piedras<\/h3>\t\t\t\t\t\t\t\t\t\t\t\t\t\t\t\t\t\t\t\t\t\t\t\t\t\t\t\t\t<\/div>\n\t\t\t\t\t\t\t\t<\/div>\n\t\t\t\t\t\t\t<\/div>\n\t\t\t\t\t\t<\/div>\n\t\t\t\t\t\n\t\t\t\t\t\t\n\t\t\t\t\t\t<div class=\"wpb-ea-videos-grid-item-column col-lg-4 col-md-6\">\n\t\t\t\t\t\t\t<div class=\"wpb-ea-videos-grid-item\">\n\t\t\t\t\t\t\t\t<div class=\"wpb-ea-videos-grid-item-inner\">\n\t\t\t\t\t\t\t\t\t<iframe title=\"V\u00eddeo completo de la Ruta de Verano del Vino de las Piedras de Cari\u00f1ena\" width=\"260\" height=\"146\" src=\"https:\/\/www.youtube.com\/embed\/NV8e6FMq7Jk?feature=oembed\" frameborder=\"0\" allow=\"accelerometer; autoplay; clipboard-write; encrypted-media; gyroscope; picture-in-picture; web-share\" referrerpolicy=\"strict-origin-when-cross-origin\" allowfullscreen><\/iframe>\t\t\t\t\t\t\t\t\t<div class=\"wpb-video-content\">\n\t\t\t\t\t\t\t\t\t\t<h3>V\u00eddeo completo Ruta de Verano del Vino de las Piedras<\/h3>\t\t\t\t\t\t\t\t\t\t\t\t\t\t\t\t\t\t\t\t\t\t\t\t\t\t\t\t\t<\/div>\n\t\t\t\t\t\t\t\t<\/div>\n\t\t\t\t\t\t\t<\/div>\n\t\t\t\t\t\t<\/div>\n\t\t\t\t\t\n\t\t\t\t\t\t\n\t\t\t\t\t\t<div class=\"wpb-ea-videos-grid-item-column col-lg-4 col-md-6\">\n\t\t\t\t\t\t\t<div class=\"wpb-ea-videos-grid-item\">\n\t\t\t\t\t\t\t\t<div class=\"wpb-ea-videos-grid-item-inner\">\n\t\t\t\t\t\t\t\t\t<iframe title=\"V\u00eddeo resumen de la Ruta de Verano del Vino de las Piedras de la D.O.P Cari\u00f1ena\" width=\"260\" height=\"146\" src=\"https:\/\/www.youtube.com\/embed\/zMvukZ6uTBM?feature=oembed\" frameborder=\"0\" allow=\"accelerometer; autoplay; clipboard-write; encrypted-media; gyroscope; picture-in-picture; web-share\" referrerpolicy=\"strict-origin-when-cross-origin\" allowfullscreen><\/iframe>\t\t\t\t\t\t\t\t\t<div class=\"wpb-video-content\">\n\t\t\t\t\t\t\t\t\t\t<h3>V\u00eddeo resumen Ruta de Verano del Vino de las Piedras<\/h3>\t\t\t\t\t\t\t\t\t\t\t\t\t\t\t\t\t\t\t\t\t\t\t\t\t\t\t\t\t<\/div>\n\t\t\t\t\t\t\t\t<\/div>\n\t\t\t\t\t\t\t<\/div>\n\t\t\t\t\t\t<\/div>\n\t\t\t\t\t\n\t\t\t\t\t\t\n\t\t\t\t\t\t<div class=\"wpb-ea-videos-grid-item-column col-lg-4 col-md-6\">\n\t\t\t\t\t\t\t<div class=\"wpb-ea-videos-grid-item\">\n\t\t\t\t\t\t\t\t<div class=\"wpb-ea-videos-grid-item-inner\">\n\t\t\t\t\t\t\t\t\t<iframe title=\"XLVII Fiesta de la Vendimia de la D.O.P. Cari\u00f1ena\" width=\"260\" height=\"146\" src=\"https:\/\/www.youtube.com\/embed\/afXmxHHeGhs?feature=oembed\" frameborder=\"0\" allow=\"accelerometer; autoplay; clipboard-write; encrypted-media; gyroscope; picture-in-picture; web-share\" referrerpolicy=\"strict-origin-when-cross-origin\" allowfullscreen><\/iframe>\t\t\t\t\t\t\t\t\t<div class=\"wpb-video-content\">\n\t\t\t\t\t\t\t\t\t\t<h3>XLVII Fiesta de la Vendimia<\/h3>\t\t\t\t\t\t\t\t\t\t\t\t\t\t\t\t\t\t\t\t\t\t\t\t\t\t\t\t\t<\/div>\n\t\t\t\t\t\t\t\t<\/div>\n\t\t\t\t\t\t\t<\/div>\n\t\t\t\t\t\t<\/div>\n\t\t\t\t\t\n\t\t\t\t\t\t\n\t\t\t\t\t\t<div class=\"wpb-ea-videos-grid-item-column col-lg-4 col-md-6\">\n\t\t\t\t\t\t\t<div class=\"wpb-ea-videos-grid-item\">\n\t\t\t\t\t\t\t\t<div class=\"wpb-ea-videos-grid-item-inner\">\n\t\t\t\t\t\t\t\t\t<iframe title=\"Los mejores momentos de la Ruta de Verano del Vino de las Piedras de la D.O.P. Cari\u00f1ena\" width=\"260\" height=\"146\" src=\"https:\/\/www.youtube.com\/embed\/0N5mBHmm2UE?feature=oembed\" frameborder=\"0\" allow=\"accelerometer; autoplay; clipboard-write; encrypted-media; gyroscope; picture-in-picture; web-share\" referrerpolicy=\"strict-origin-when-cross-origin\" allowfullscreen><\/iframe>\t\t\t\t\t\t\t\t\t<div class=\"wpb-video-content\">\n\t\t\t\t\t\t\t\t\t\t<h3>Los mejores momentos de la Ruta de Verano del Vino de las Piedras<\/h3>\t\t\t\t\t\t\t\t\t\t\t\t\t\t\t\t\t\t\t\t\t\t\t\t\t\t\t\t\t<\/div>\n\t\t\t\t\t\t\t\t<\/div>\n\t\t\t\t\t\t\t<\/div>\n\t\t\t\t\t\t<\/div>\n\t\t\t\t\t\n\t\t\t\t\t\t\n\t\t\t\t\t\t<div class=\"wpb-ea-videos-grid-item-column col-lg-4 col-md-6\">\n\t\t\t\t\t\t\t<div class=\"wpb-ea-videos-grid-item\">\n\t\t\t\t\t\t\t\t<div class=\"wpb-ea-videos-grid-item-inner\">\n\t\t\t\t\t\t\t\t\t<iframe title=\"El presidente de la D.O.P. Cari\u00f1ena, Antonio Ubide, habla de los principales objetivos\" width=\"260\" height=\"146\" src=\"https:\/\/www.youtube.com\/embed\/COkEY34X9Lo?feature=oembed\" frameborder=\"0\" allow=\"accelerometer; autoplay; clipboard-write; encrypted-media; gyroscope; picture-in-picture; web-share\" referrerpolicy=\"strict-origin-when-cross-origin\" allowfullscreen><\/iframe>\t\t\t\t\t\t\t\t\t<div class=\"wpb-video-content\">\n\t\t\t\t\t\t\t\t\t\t<h3>El presidente la D.O.P. Cari\u00f1ena, Antonio Ubide, habla de los objetivos de la Denominaci\u00f3n<\/h3>\t\t\t\t\t\t\t\t\t\t\t\t\t\t\t\t\t\t\t\t\t\t\t\t\t\t\t\t\t<\/div>\n\t\t\t\t\t\t\t\t<\/div>\n\t\t\t\t\t\t\t<\/div>\n\t\t\t\t\t\t<\/div>\n\t\t\t\t\t\n\t\t\t\t\t\t\n\t\t\t\t\t\t<div class=\"wpb-ea-videos-grid-item-column col-lg-4 col-md-6\">\n\t\t\t\t\t\t\t<div class=\"wpb-ea-videos-grid-item\">\n\t\t\t\t\t\t\t\t<div class=\"wpb-ea-videos-grid-item-inner\">\n\t\t\t\t\t\t\t\t\t<iframe title=\"El presidente saliente de la D.O.P. Cari\u00f1ena, Jos\u00e9 Luis Mainar, hace balance de sus cuatro a\u00f1os\" width=\"260\" height=\"146\" src=\"https:\/\/www.youtube.com\/embed\/EgLSM17Ttow?feature=oembed\" frameborder=\"0\" allow=\"accelerometer; autoplay; clipboard-write; encrypted-media; gyroscope; picture-in-picture; web-share\" referrerpolicy=\"strict-origin-when-cross-origin\" allowfullscreen><\/iframe>\t\t\t\t\t\t\t\t\t<div class=\"wpb-video-content\">\n\t\t\t\t\t\t\t\t\t\t<h3>El presidente saliente de la D.O.P. Cari\u00f1ena, Jos\u00e9 Luis Mainar, hace balance de sus cuatro a\u00f1os<\/h3>\t\t\t\t\t\t\t\t\t\t\t\t\t\t\t\t\t\t\t\t\t\t\t\t\t\t\t\t\t<\/div>\n\t\t\t\t\t\t\t\t<\/div>\n\t\t\t\t\t\t\t<\/div>\n\t\t\t\t\t\t<\/div>\n\t\t\t\t\t\n\t\t\t\t\t\t\n\t\t\t\t\t\t<div class=\"wpb-ea-videos-grid-item-column col-lg-4 col-md-6\">\n\t\t\t\t\t\t\t<div class=\"wpb-ea-videos-grid-item\">\n\t\t\t\t\t\t\t\t<div class=\"wpb-ea-videos-grid-item-inner\">\n\t\t\t\t\t\t\t\t\t<iframe title=\"Presentaci\u00f3n de la Ruta de Verano del Vino de las Piedras de la D.O.P. Cari\u00f1ena (24-06- 2013)\" width=\"260\" height=\"146\" src=\"https:\/\/www.youtube.com\/embed\/4-f6DujleRs?feature=oembed\" frameborder=\"0\" allow=\"accelerometer; autoplay; clipboard-write; encrypted-media; gyroscope; picture-in-picture; web-share\" referrerpolicy=\"strict-origin-when-cross-origin\" allowfullscreen><\/iframe>\t\t\t\t\t\t\t\t\t<div class=\"wpb-video-content\">\n\t\t\t\t\t\t\t\t\t\t<h3>Presentaci\u00f3n Ruta de Verano del Vino de las Piedras<\/h3>\t\t\t\t\t\t\t\t\t\t\t\t\t\t\t\t\t\t\t\t\t\t\t\t\t\t\t\t\t<\/div>\n\t\t\t\t\t\t\t\t<\/div>\n\t\t\t\t\t\t\t<\/div>\n\t\t\t\t\t\t<\/div>\n\t\t\t\t\t\n\t\t\t\t\t\t\n\t\t\t\t\t\t<div class=\"wpb-ea-videos-grid-item-column col-lg-4 col-md-6\">\n\t\t\t\t\t\t\t<div class=\"wpb-ea-videos-grid-item\">\n\t\t\t\t\t\t\t\t<div class=\"wpb-ea-videos-grid-item-inner\">\n\t\t\t\t\t\t\t\t\t<iframe title=\"La D.O.P. Cari\u00f1ena recibe el Premio Ejecutivos de Arag\u00f3n a la Excelencia (19 de junio de 2013)\" width=\"260\" height=\"146\" src=\"https:\/\/www.youtube.com\/embed\/jdTJlpa8Ymk?feature=oembed\" frameborder=\"0\" allow=\"accelerometer; autoplay; clipboard-write; encrypted-media; gyroscope; picture-in-picture; web-share\" referrerpolicy=\"strict-origin-when-cross-origin\" allowfullscreen><\/iframe>\t\t\t\t\t\t\t\t\t<div class=\"wpb-video-content\">\n\t\t\t\t\t\t\t\t\t\t<h3>Premio Ejecutivos de Arag\u00f3n a la Excelencia<\/h3>\t\t\t\t\t\t\t\t\t\t\t\t\t\t\t\t\t\t\t\t\t\t\t\t\t\t\t\t\t<\/div>\n\t\t\t\t\t\t\t\t<\/div>\n\t\t\t\t\t\t\t<\/div>\n\t\t\t\t\t\t<\/div>\n\t\t\t\t\t\n\t\t\t\t\t\t\n\t\t\t\t\t\t<div class=\"wpb-ea-videos-grid-item-column col-lg-4 col-md-6\">\n\t\t\t\t\t\t\t<div class=\"wpb-ea-videos-grid-item\">\n\t\t\t\t\t\t\t\t<div class=\"wpb-ea-videos-grid-item-inner\">\n\t\t\t\t\t\t\t\t\t<iframe title=\"Cata Monasterio de las Vi\u00f1as Reserva de Grandes Vinos D.O.P. Cari\u00f1ena Colecci\u00f3n 2013\" width=\"260\" height=\"146\" src=\"https:\/\/www.youtube.com\/embed\/1a_PkXgL204?feature=oembed\" frameborder=\"0\" allow=\"accelerometer; autoplay; clipboard-write; encrypted-media; gyroscope; picture-in-picture; web-share\" referrerpolicy=\"strict-origin-when-cross-origin\" allowfullscreen><\/iframe>\t\t\t\t\t\t\t\t\t<div class=\"wpb-video-content\">\n\t\t\t\t\t\t\t\t\t\t<h3>Cata Monasterio de las Vi\u00f1as Reserva de Grandes Vinos D.O.P. Cari\u00f1ena Colecci\u00f3n 2013<\/h3>\t\t\t\t\t\t\t\t\t\t\t\t\t\t\t\t\t\t\t\t\t\t\t\t\t\t\t\t\t<\/div>\n\t\t\t\t\t\t\t\t<\/div>\n\t\t\t\t\t\t\t<\/div>\n\t\t\t\t\t\t<\/div>\n\t\t\t\t\t\n\t\t\t\t\t\t\n\t\t\t\t\t\t<div class=\"wpb-ea-videos-grid-item-column col-lg-4 col-md-6\">\n\t\t\t\t\t\t\t<div class=\"wpb-ea-videos-grid-item\">\n\t\t\t\t\t\t\t\t<div class=\"wpb-ea-videos-grid-item-inner\">\n\t\t\t\t\t\t\t\t\t<iframe title=\"Cata Corona de Arag\u00f3n Especial Selecci\u00f3n de Grandes Vinos D.O.P. Cari\u00f1ena Colecci\u00f3n 2013\" width=\"260\" height=\"146\" src=\"https:\/\/www.youtube.com\/embed\/JvlDyjDxNdQ?feature=oembed\" frameborder=\"0\" allow=\"accelerometer; autoplay; clipboard-write; encrypted-media; gyroscope; picture-in-picture; web-share\" referrerpolicy=\"strict-origin-when-cross-origin\" allowfullscreen><\/iframe>\t\t\t\t\t\t\t\t\t<div class=\"wpb-video-content\">\n\t\t\t\t\t\t\t\t\t\t<h3>Cata Corona de Arag\u00f3n Especial Selecci\u00f3n de Grandes Vinos D.O.P. Cari\u00f1ena Colecci\u00f3n 2013<\/h3>\t\t\t\t\t\t\t\t\t\t\t\t\t\t\t\t\t\t\t\t\t\t\t\t\t\t\t\t\t<\/div>\n\t\t\t\t\t\t\t\t<\/div>\n\t\t\t\t\t\t\t<\/div>\n\t\t\t\t\t\t<\/div>\n\t\t\t\t\t\n\t\t\t\t\t\t\n\t\t\t\t\t\t<div class=\"wpb-ea-videos-grid-item-column col-lg-4 col-md-6\">\n\t\t\t\t\t\t\t<div class=\"wpb-ea-videos-grid-item\">\n\t\t\t\t\t\t\t\t<div class=\"wpb-ea-videos-grid-item-inner\">\n\t\t\t\t\t\t\t\t\t<iframe title=\"Cata Corona de Arag\u00f3n Crianza 2009 de Grandes Vinos D.O.P. Cari\u00f1ena Colecci\u00f3n 2013\" width=\"260\" height=\"146\" src=\"https:\/\/www.youtube.com\/embed\/sZNQpoS3sI8?feature=oembed\" frameborder=\"0\" allow=\"accelerometer; autoplay; clipboard-write; encrypted-media; gyroscope; picture-in-picture; web-share\" referrerpolicy=\"strict-origin-when-cross-origin\" allowfullscreen><\/iframe>\t\t\t\t\t\t\t\t\t<div class=\"wpb-video-content\">\n\t\t\t\t\t\t\t\t\t\t<h3>Cata Corona de Arag\u00f3n Crianza 2009 de Grandes Vinos D.O.P. Cari\u00f1ena Colecci\u00f3n 2013<\/h3>\t\t\t\t\t\t\t\t\t\t\t\t\t\t\t\t\t\t\t\t\t\t\t\t\t\t\t\t\t<\/div>\n\t\t\t\t\t\t\t\t<\/div>\n\t\t\t\t\t\t\t<\/div>\n\t\t\t\t\t\t<\/div>\n\t\t\t\t\t\n\t\t\t\t\t\t\n\t\t\t\t\t\t<div class=\"wpb-ea-videos-grid-item-column col-lg-4 col-md-6\">\n\t\t\t\t\t\t\t<div class=\"wpb-ea-videos-grid-item\">\n\t\t\t\t\t\t\t\t<div class=\"wpb-ea-videos-grid-item-inner\">\n\t\t\t\t\t\t\t\t\t<iframe title=\"Cata Chardonnay Macabeo de Grandes Vinos D.O.P. Cari\u00f1ena Colecci\u00f3n 2013 Vino de las Piedras\" width=\"260\" height=\"146\" src=\"https:\/\/www.youtube.com\/embed\/s2rrmd3_GLw?feature=oembed\" frameborder=\"0\" allow=\"accelerometer; autoplay; clipboard-write; encrypted-media; gyroscope; picture-in-picture; web-share\" referrerpolicy=\"strict-origin-when-cross-origin\" allowfullscreen><\/iframe>\t\t\t\t\t\t\t\t\t<div class=\"wpb-video-content\">\n\t\t\t\t\t\t\t\t\t\t<h3>Cata Chardonnay Macabeo de Grandes Vinos D.O.P. Cari\u00f1ena Colecci\u00f3n 2013<\/h3>\t\t\t\t\t\t\t\t\t\t\t\t\t\t\t\t\t\t\t\t\t\t\t\t\t\t\t\t\t<\/div>\n\t\t\t\t\t\t\t\t<\/div>\n\t\t\t\t\t\t\t<\/div>\n\t\t\t\t\t\t<\/div>\n\t\t\t\t\t\n\t\t\t\t\t\t\n\t\t\t\t\t\t<div class=\"wpb-ea-videos-grid-item-column col-lg-4 col-md-6\">\n\t\t\t\t\t\t\t<div class=\"wpb-ea-videos-grid-item\">\n\t\t\t\t\t\t\t\t<div class=\"wpb-ea-videos-grid-item-inner\">\n\t\t\t\t\t\t\t\t\t<iframe title=\"Grandes Vinos y Vi\u00f1edos de la D.O.P. Cari\u00f1ena con la Colecci\u00f3n del Vino de las Piedras\" width=\"260\" height=\"146\" src=\"https:\/\/www.youtube.com\/embed\/VwaK8Gg6lY4?feature=oembed\" frameborder=\"0\" allow=\"accelerometer; autoplay; clipboard-write; encrypted-media; gyroscope; picture-in-picture; web-share\" referrerpolicy=\"strict-origin-when-cross-origin\" allowfullscreen><\/iframe>\t\t\t\t\t\t\t\t\t<div class=\"wpb-video-content\">\n\t\t\t\t\t\t\t\t\t\t<h3>Grandes Vinos y Vi\u00f1edos de la D.O.P. Cari\u00f1ena con la Colecci\u00f3n del Vino de las Piedras<\/h3>\t\t\t\t\t\t\t\t\t\t\t\t\t\t\t\t\t\t\t\t\t\t\t\t\t\t\t\t\t<\/div>\n\t\t\t\t\t\t\t\t<\/div>\n\t\t\t\t\t\t\t<\/div>\n\t\t\t\t\t\t<\/div>\n\t\t\t\t\t\n\t\t\t\t\t\t\n\t\t\t\t\t\t<div class=\"wpb-ea-videos-grid-item-column col-lg-4 col-md-6\">\n\t\t\t\t\t\t\t<div class=\"wpb-ea-videos-grid-item\">\n\t\t\t\t\t\t\t\t<div class=\"wpb-ea-videos-grid-item-inner\">\n\t\t\t\t\t\t\t\t\t<iframe title=\"Cata del vino Bar\u00f3n de Lajoyosa de Ignacio Mar\u00edn de la D.O.P. Cari\u00f1ena\" width=\"260\" height=\"146\" src=\"https:\/\/www.youtube.com\/embed\/Ej9MyULOwYA?feature=oembed\" frameborder=\"0\" allow=\"accelerometer; autoplay; clipboard-write; encrypted-media; gyroscope; picture-in-picture; web-share\" referrerpolicy=\"strict-origin-when-cross-origin\" allowfullscreen><\/iframe>\t\t\t\t\t\t\t\t\t<div class=\"wpb-video-content\">\n\t\t\t\t\t\t\t\t\t\t<h3>Cata de vino Bar\u00f3n de Lajoyosa de Ignacio Mar\u00edn<\/h3>\t\t\t\t\t\t\t\t\t\t\t\t\t\t\t\t\t\t\t\t\t\t\t\t\t\t\t\t\t<\/div>\n\t\t\t\t\t\t\t\t<\/div>\n\t\t\t\t\t\t\t<\/div>\n\t\t\t\t\t\t<\/div>\n\t\t\t\t\t\n\t\t\t\t\t\t\n\t\t\t\t\t\t<div class=\"wpb-ea-videos-grid-item-column col-lg-4 col-md-6\">\n\t\t\t\t\t\t\t<div class=\"wpb-ea-videos-grid-item\">\n\t\t\t\t\t\t\t\t<div class=\"wpb-ea-videos-grid-item-inner\">\n\t\t\t\t\t\t\t\t\t<iframe title=\"Bodegas Covinca de la D.O.P. Cari\u00f1ena cata los vinos del Vino de las Piedras\" width=\"260\" height=\"146\" src=\"https:\/\/www.youtube.com\/embed\/N24DnXl_K64?feature=oembed\" frameborder=\"0\" allow=\"accelerometer; autoplay; clipboard-write; encrypted-media; gyroscope; picture-in-picture; web-share\" referrerpolicy=\"strict-origin-when-cross-origin\" allowfullscreen><\/iframe>\t\t\t\t\t\t\t\t\t<div class=\"wpb-video-content\">\n\t\t\t\t\t\t\t\t\t\t<h3>Cata Vino de las Piedras Bodegas Covinca<\/h3>\t\t\t\t\t\t\t\t\t\t\t\t\t\t\t\t\t\t\t\t\t\t\t\t\t\t\t\t\t<\/div>\n\t\t\t\t\t\t\t\t<\/div>\n\t\t\t\t\t\t\t<\/div>\n\t\t\t\t\t\t<\/div>\n\t\t\t\t\t\n\t\t\t\t\t\t\n\t\t\t\t\t\t<div class=\"wpb-ea-videos-grid-item-column col-lg-4 col-md-6\">\n\t\t\t\t\t\t\t<div class=\"wpb-ea-videos-grid-item\">\n\t\t\t\t\t\t\t\t<div class=\"wpb-ea-videos-grid-item-inner\">\n\t\t\t\t\t\t\t\t\t<iframe title=\"La Denominaci\u00f3n de Origen Protegida Cari\u00f1ena celebra una cata en Bilbao (31 de mayo de 2013)\" width=\"260\" height=\"146\" src=\"https:\/\/www.youtube.com\/embed\/n90why82l88?feature=oembed\" frameborder=\"0\" allow=\"accelerometer; autoplay; clipboard-write; encrypted-media; gyroscope; picture-in-picture; web-share\" referrerpolicy=\"strict-origin-when-cross-origin\" allowfullscreen><\/iframe>\t\t\t\t\t\t\t\t\t<div class=\"wpb-video-content\">\n\t\t\t\t\t\t\t\t\t\t<h3>Cata de la D.O.P. Cari\u00f1ena en Bilbao<\/h3>\t\t\t\t\t\t\t\t\t\t\t\t\t\t\t\t\t\t\t\t\t\t\t\t\t\t\t\t\t<\/div>\n\t\t\t\t\t\t\t\t<\/div>\n\t\t\t\t\t\t\t<\/div>\n\t\t\t\t\t\t<\/div>\n\t\t\t\t\t\n\t\t\t\t\t\t\n\t\t\t\t\t\t<div class=\"wpb-ea-videos-grid-item-column col-lg-4 col-md-6\">\n\t\t\t\t\t\t\t<div class=\"wpb-ea-videos-grid-item\">\n\t\t\t\t\t\t\t\t<div class=\"wpb-ea-videos-grid-item-inner\">\n\t\t\t\t\t\t\t\t\t<iframe title=\"La trilog\u00eda de &quot;El Vino de las Piedras&quot; de la D.O.P. Cari\u00f1ena\" width=\"260\" height=\"146\" src=\"https:\/\/www.youtube.com\/embed\/bIgW2uGMaso?feature=oembed\" frameborder=\"0\" allow=\"accelerometer; autoplay; clipboard-write; encrypted-media; gyroscope; picture-in-picture; web-share\" referrerpolicy=\"strict-origin-when-cross-origin\" allowfullscreen><\/iframe>\t\t\t\t\t\t\t\t\t<div class=\"wpb-video-content\">\n\t\t\t\t\t\t\t\t\t\t<h3>La trilog\u00eda del Vino de las Piedras<\/h3>\t\t\t\t\t\t\t\t\t\t\t\t\t\t\t\t\t\t\t\t\t\t\t\t\t\t\t\t\t<\/div>\n\t\t\t\t\t\t\t\t<\/div>\n\t\t\t\t\t\t\t<\/div>\n\t\t\t\t\t\t<\/div>\n\t\t\t\t\t\n\t\t\t\t\t\t\n\t\t\t\t\t\t<div class=\"wpb-ea-videos-grid-item-column col-lg-4 col-md-6\">\n\t\t\t\t\t\t\t<div class=\"wpb-ea-videos-grid-item\">\n\t\t\t\t\t\t\t\t<div class=\"wpb-ea-videos-grid-item-inner\">\n\t\t\t\t\t\t\t\t\t<iframe title=\"Spot TV Denominaci\u00f3n de Origen Protegida Cari\u00f1ena &quot;El Vino de las Piedras&quot; 2013\" width=\"260\" height=\"146\" src=\"https:\/\/www.youtube.com\/embed\/JuZgDP-TvQM?feature=oembed\" frameborder=\"0\" allow=\"accelerometer; autoplay; clipboard-write; encrypted-media; gyroscope; picture-in-picture; web-share\" referrerpolicy=\"strict-origin-when-cross-origin\" allowfullscreen><\/iframe>\t\t\t\t\t\t\t\t\t<div class=\"wpb-video-content\">\n\t\t\t\t\t\t\t\t\t\t<h3>Spot Vino de las Piedras 2013<\/h3>\t\t\t\t\t\t\t\t\t\t\t\t\t\t\t\t\t\t\t\t\t\t\t\t\t\t\t\t\t<\/div>\n\t\t\t\t\t\t\t\t<\/div>\n\t\t\t\t\t\t\t<\/div>\n\t\t\t\t\t\t<\/div>\n\t\t\t\t\t\n\t\t\t\t\t\t\n\t\t\t\t\t\t<div class=\"wpb-ea-videos-grid-item-column col-lg-4 col-md-6\">\n\t\t\t\t\t\t\t<div class=\"wpb-ea-videos-grid-item\">\n\t\t\t\t\t\t\t\t<div class=\"wpb-ea-videos-grid-item-inner\">\n\t\t\t\t\t\t\t\t\t<iframe title=\"\u00c9xito del II Sal\u00f3n del Vino de las Piedras de la D.O.P. Cari\u00f1ena\" width=\"260\" height=\"146\" src=\"https:\/\/www.youtube.com\/embed\/8yvsZgmrOJ0?feature=oembed\" frameborder=\"0\" allow=\"accelerometer; autoplay; clipboard-write; encrypted-media; gyroscope; picture-in-picture; web-share\" referrerpolicy=\"strict-origin-when-cross-origin\" allowfullscreen><\/iframe>\t\t\t\t\t\t\t\t\t<div class=\"wpb-video-content\">\n\t\t\t\t\t\t\t\t\t\t<h3>\u00c9xito del II Sal\u00f3n del Vino de las Piedras<\/h3>\t\t\t\t\t\t\t\t\t\t\t\t\t\t\t\t\t\t\t\t\t\t\t\t\t\t\t\t\t<\/div>\n\t\t\t\t\t\t\t\t<\/div>\n\t\t\t\t\t\t\t<\/div>\n\t\t\t\t\t\t<\/div>\n\t\t\t\t\t\n\t\t\t\t\t\t\n\t\t\t\t\t\t<div class=\"wpb-ea-videos-grid-item-column col-lg-4 col-md-6\">\n\t\t\t\t\t\t\t<div class=\"wpb-ea-videos-grid-item\">\n\t\t\t\t\t\t\t\t<div class=\"wpb-ea-videos-grid-item-inner\">\n\t\t\t\t\t\t\t\t\t<iframe title=\"Un recorrido por el II Sal\u00f3n del Vino de las Piedras\" width=\"260\" height=\"146\" src=\"https:\/\/www.youtube.com\/embed\/wtObV_3-nxE?feature=oembed\" frameborder=\"0\" allow=\"accelerometer; autoplay; clipboard-write; encrypted-media; gyroscope; picture-in-picture; web-share\" referrerpolicy=\"strict-origin-when-cross-origin\" allowfullscreen><\/iframe>\t\t\t\t\t\t\t\t\t<div class=\"wpb-video-content\">\n\t\t\t\t\t\t\t\t\t\t<h3>Un recorrido por el II Sal\u00f3n del Vino de las Piedras<\/h3>\t\t\t\t\t\t\t\t\t\t\t\t\t\t\t\t\t\t\t\t\t\t\t\t\t\t\t\t\t<\/div>\n\t\t\t\t\t\t\t\t<\/div>\n\t\t\t\t\t\t\t<\/div>\n\t\t\t\t\t\t<\/div>\n\t\t\t\t\t\n\t\t\t\t\t\t\n\t\t\t\t\t\t<div class=\"wpb-ea-videos-grid-item-column col-lg-4 col-md-6\">\n\t\t\t\t\t\t\t<div class=\"wpb-ea-videos-grid-item\">\n\t\t\t\t\t\t\t\t<div class=\"wpb-ea-videos-grid-item-inner\">\n\t\t\t\t\t\t\t\t\t<iframe title=\"El II Sal\u00f3n del Vino de las Piedras de la D.O.P. Cari\u00f1ena calienta motores\" width=\"260\" height=\"146\" src=\"https:\/\/www.youtube.com\/embed\/GFvp130wdZI?feature=oembed\" frameborder=\"0\" allow=\"accelerometer; autoplay; clipboard-write; encrypted-media; gyroscope; picture-in-picture; web-share\" referrerpolicy=\"strict-origin-when-cross-origin\" allowfullscreen><\/iframe>\t\t\t\t\t\t\t\t\t<div class=\"wpb-video-content\">\n\t\t\t\t\t\t\t\t\t\t<h3>El II Sal\u00f3n del Vino de las Piedras calienta motores<\/h3>\t\t\t\t\t\t\t\t\t\t\t\t\t\t\t\t\t\t\t\t\t\t\t\t\t\t\t\t\t<\/div>\n\t\t\t\t\t\t\t\t<\/div>\n\t\t\t\t\t\t\t<\/div>\n\t\t\t\t\t\t<\/div>\n\t\t\t\t\t\n\t\t\t\t\t\t\n\t\t\t\t\t\t<div class=\"wpb-ea-videos-grid-item-column col-lg-4 col-md-6\">\n\t\t\t\t\t\t\t<div class=\"wpb-ea-videos-grid-item\">\n\t\t\t\t\t\t\t\t<div class=\"wpb-ea-videos-grid-item-inner\">\n\t\t\t\t\t\t\t\t\t<iframe title=\"Spot &quot;II Sal\u00f3n del Vino de las Piedras&quot; de la D.O.P. Cari\u00f1ena\" width=\"260\" height=\"146\" src=\"https:\/\/www.youtube.com\/embed\/MkTjxnYdyLs?feature=oembed\" frameborder=\"0\" allow=\"accelerometer; autoplay; clipboard-write; encrypted-media; gyroscope; picture-in-picture; web-share\" referrerpolicy=\"strict-origin-when-cross-origin\" allowfullscreen><\/iframe>\t\t\t\t\t\t\t\t\t<div class=\"wpb-video-content\">\n\t\t\t\t\t\t\t\t\t\t<h3>Spot II Sal\u00f3n del Vino de las Piedras<\/h3>\t\t\t\t\t\t\t\t\t\t\t\t\t\t\t\t\t\t\t\t\t\t\t\t\t\t\t\t\t<\/div>\n\t\t\t\t\t\t\t\t<\/div>\n\t\t\t\t\t\t\t<\/div>\n\t\t\t\t\t\t<\/div>\n\t\t\t\t\t\n\t\t\t\t\t\t\n\t\t\t\t\t\t<div class=\"wpb-ea-videos-grid-item-column col-lg-4 col-md-6\">\n\t\t\t\t\t\t\t<div class=\"wpb-ea-videos-grid-item\">\n\t\t\t\t\t\t\t\t<div class=\"wpb-ea-videos-grid-item-inner\">\n\t\t\t\t\t\t\t\t\t<iframe title=\"Fiesta Vendimia 2012 de la D.O.P. Cari\u00f1ena (01-09-2012)\" width=\"260\" height=\"146\" src=\"https:\/\/www.youtube.com\/embed\/34vverexYe0?feature=oembed\" frameborder=\"0\" allow=\"accelerometer; autoplay; clipboard-write; encrypted-media; gyroscope; picture-in-picture; web-share\" referrerpolicy=\"strict-origin-when-cross-origin\" allowfullscreen><\/iframe>\t\t\t\t\t\t\t\t\t<div class=\"wpb-video-content\">\n\t\t\t\t\t\t\t\t\t\t<h3>Fiesta de la Vendimia 2012<\/h3>\t\t\t\t\t\t\t\t\t\t\t\t\t\t\t\t\t\t\t\t\t\t\t\t\t\t\t\t\t<\/div>\n\t\t\t\t\t\t\t\t<\/div>\n\t\t\t\t\t\t\t<\/div>\n\t\t\t\t\t\t<\/div>\n\t\t\t\t\t\n\t\t\t\t\t\t\n\t\t\t\t\t\t<div class=\"wpb-ea-videos-grid-item-column col-lg-4 col-md-6\">\n\t\t\t\t\t\t\t<div class=\"wpb-ea-videos-grid-item\">\n\t\t\t\t\t\t\t\t<div class=\"wpb-ea-videos-grid-item-inner\">\n\t\t\t\t\t\t\t\t\t<iframe title=\"I Sal\u00f3n El Vino de las Piedras\" width=\"260\" height=\"146\" src=\"https:\/\/www.youtube.com\/embed\/Jl1X3vE8aP0?feature=oembed\" frameborder=\"0\" allow=\"accelerometer; autoplay; clipboard-write; encrypted-media; gyroscope; picture-in-picture; web-share\" referrerpolicy=\"strict-origin-when-cross-origin\" allowfullscreen><\/iframe>\t\t\t\t\t\t\t\t\t<div class=\"wpb-video-content\">\n\t\t\t\t\t\t\t\t\t\t<h3>I Sal\u00f3n del Vino de las Piedras<\/h3>\t\t\t\t\t\t\t\t\t\t\t\t\t\t\t\t\t\t\t\t\t\t\t\t\t\t\t\t\t<\/div>\n\t\t\t\t\t\t\t\t<\/div>\n\t\t\t\t\t\t\t<\/div>\n\t\t\t\t\t\t<\/div>\n\t\t\t\t\t\n\t\t\t\t\t\t\n\t\t\t\t\t\t<div class=\"wpb-ea-videos-grid-item-column col-lg-4 col-md-6\">\n\t\t\t\t\t\t\t<div class=\"wpb-ea-videos-grid-item\">\n\t\t\t\t\t\t\t\t<div class=\"wpb-ea-videos-grid-item-inner\">\n\t\t\t\t\t\t\t\t\t<iframe title=\"Spot TV Denominaci\u00f3n de Origen Protegida Cari\u00f1ena &quot;El Vino de las Piedras&quot; 2012\" width=\"260\" height=\"146\" src=\"https:\/\/www.youtube.com\/embed\/pJZZBwB7QjE?feature=oembed\" frameborder=\"0\" allow=\"accelerometer; autoplay; clipboard-write; encrypted-media; gyroscope; picture-in-picture; web-share\" referrerpolicy=\"strict-origin-when-cross-origin\" allowfullscreen><\/iframe>\t\t\t\t\t\t\t\t\t<div class=\"wpb-video-content\">\n\t\t\t\t\t\t\t\t\t\t<h3>Spot Vino de las Piedras 2012<\/h3>\t\t\t\t\t\t\t\t\t\t\t\t\t\t\t\t\t\t\t\t\t\t\t\t\t\t\t\t\t<\/div>\n\t\t\t\t\t\t\t\t<\/div>\n\t\t\t\t\t\t\t<\/div>\n\t\t\t\t\t\t<\/div>\n\t\t\t\t\t\n\t\t\t\t\t\t\n\t\t\t\t\t\t<div class=\"wpb-ea-videos-grid-item-column col-lg-4 col-md-6\">\n\t\t\t\t\t\t\t<div class=\"wpb-ea-videos-grid-item\">\n\t\t\t\t\t\t\t\t<div class=\"wpb-ea-videos-grid-item-inner\">\n\t\t\t\t\t\t\t\t\t<iframe title=\"Fiesta Vendimia 2011 de la D.O.P. Cari\u00f1ena (27-08-2011)\" width=\"260\" height=\"195\" src=\"https:\/\/www.youtube.com\/embed\/3-0hlEAvd2Q?feature=oembed\" frameborder=\"0\" allow=\"accelerometer; autoplay; clipboard-write; encrypted-media; gyroscope; picture-in-picture; web-share\" referrerpolicy=\"strict-origin-when-cross-origin\" allowfullscreen><\/iframe>\t\t\t\t\t\t\t\t\t<div class=\"wpb-video-content\">\n\t\t\t\t\t\t\t\t\t\t<h3>Fiesta de la Vendimia 2011<\/h3>\t\t\t\t\t\t\t\t\t\t\t\t\t\t\t\t\t\t\t\t\t\t\t\t\t\t\t\t\t<\/div>\n\t\t\t\t\t\t\t\t<\/div>\n\t\t\t\t\t\t\t<\/div>\n\t\t\t\t\t\t<\/div>\n\t\t\t\t\t\n\t\t\t\t\t\t\n\t\t\t\t\t\t<div class=\"wpb-ea-videos-grid-item-column col-lg-4 col-md-6\">\n\t\t\t\t\t\t\t<div class=\"wpb-ea-videos-grid-item\">\n\t\t\t\t\t\t\t\t<div class=\"wpb-ea-videos-grid-item-inner\">\n\t\t\t\t\t\t\t\t\t<iframe title=\"Spot TV Denominaci\u00f3n de Origen Protegida Cari\u00f1ena &quot;El Vino de las Piedras&quot; 2011\" width=\"260\" height=\"146\" src=\"https:\/\/www.youtube.com\/embed\/bG3zUaJb1oA?feature=oembed\" frameborder=\"0\" allow=\"accelerometer; autoplay; clipboard-write; encrypted-media; gyroscope; picture-in-picture; web-share\" referrerpolicy=\"strict-origin-when-cross-origin\" allowfullscreen><\/iframe>\t\t\t\t\t\t\t\t\t<div class=\"wpb-video-content\">\n\t\t\t\t\t\t\t\t\t\t<h3>Spot Vino de las Piedras 2011<\/h3>\t\t\t\t\t\t\t\t\t\t\t\t\t\t\t\t\t\t\t\t\t\t\t\t\t\t\t\t\t<\/div>\n\t\t\t\t\t\t\t\t<\/div>\n\t\t\t\t\t\t\t<\/div>\n\t\t\t\t\t\t<\/div>\n\t\t\t\t\t\n\t\t\t\t\t\t\n\t\t\t\t\t\t<div class=\"wpb-ea-videos-grid-item-column col-lg-4 col-md-6\">\n\t\t\t\t\t\t\t<div class=\"wpb-ea-videos-grid-item\">\n\t\t\t\t\t\t\t\t<div class=\"wpb-ea-videos-grid-item-inner\">\n\t\t\t\t\t\t\t\t\t<iframe title=\"Fiesta Vendimia 2010 de la D.O.P. Cari\u00f1ena (25-09-2010)\" width=\"260\" height=\"195\" src=\"https:\/\/www.youtube.com\/embed\/0fm5IGN7Wvk?feature=oembed\" frameborder=\"0\" allow=\"accelerometer; autoplay; clipboard-write; encrypted-media; gyroscope; picture-in-picture; web-share\" referrerpolicy=\"strict-origin-when-cross-origin\" allowfullscreen><\/iframe>\t\t\t\t\t\t\t\t\t<div class=\"wpb-video-content\">\n\t\t\t\t\t\t\t\t\t\t<h3>Fiesta de la Vendimia 2010<\/h3>\t\t\t\t\t\t\t\t\t\t\t\t\t\t\t\t\t\t\t\t\t\t\t\t\t\t\t\t\t<\/div>\n\t\t\t\t\t\t\t\t<\/div>\n\t\t\t\t\t\t\t<\/div>\n\t\t\t\t\t\t<\/div>\n\t\t\t\t\t\n\t\t\t\t\t\t\n\t\t\t\t\t\t<div class=\"wpb-ea-videos-grid-item-column col-lg-4 col-md-6\">\n\t\t\t\t\t\t\t<div class=\"wpb-ea-videos-grid-item\">\n\t\t\t\t\t\t\t\t<div class=\"wpb-ea-videos-grid-item-inner\">\n\t\t\t\t\t\t\t\t\t<iframe title=\"Fiesta Vendimia 2008 de la D.O.P. Cari\u00f1ena (23-09-2008)\" width=\"260\" height=\"195\" src=\"https:\/\/www.youtube.com\/embed\/15bw00WQBzE?feature=oembed\" frameborder=\"0\" allow=\"accelerometer; autoplay; clipboard-write; encrypted-media; gyroscope; picture-in-picture; web-share\" referrerpolicy=\"strict-origin-when-cross-origin\" allowfullscreen><\/iframe>\t\t\t\t\t\t\t\t\t<div class=\"wpb-video-content\">\n\t\t\t\t\t\t\t\t\t\t<h3>Fiesta de la Vendimia 2008<\/h3>\t\t\t\t\t\t\t\t\t\t\t\t\t\t\t\t\t\t\t\t\t\t\t\t\t\t\t\t\t<\/div>\n\t\t\t\t\t\t\t\t<\/div>\n\t\t\t\t\t\t\t<\/div>\n\t\t\t\t\t\t<\/div>\n\t\t\t\t\t\n\t\t\t\t\t\t\n\t\t\t\t\t\t<div class=\"wpb-ea-videos-grid-item-column col-lg-4 col-md-6\">\n\t\t\t\t\t\t\t<div class=\"wpb-ea-videos-grid-item\">\n\t\t\t\t\t\t\t\t<div class=\"wpb-ea-videos-grid-item-inner\">\n\t\t\t\t\t\t\t\t\t<iframe title=\"Fiesta Vendimia 2007 de la D.O.P. Cari\u00f1ena (01-09-2007)\" width=\"260\" height=\"195\" src=\"https:\/\/www.youtube.com\/embed\/s9BMoKrnGpA?feature=oembed\" frameborder=\"0\" allow=\"accelerometer; autoplay; clipboard-write; encrypted-media; gyroscope; picture-in-picture; web-share\" referrerpolicy=\"strict-origin-when-cross-origin\" allowfullscreen><\/iframe>\t\t\t\t\t\t\t\t\t<div class=\"wpb-video-content\">\n\t\t\t\t\t\t\t\t\t\t<h3>Fiesta de la Vendimia 2007<\/h3>\t\t\t\t\t\t\t\t\t\t\t\t\t\t\t\t\t\t\t\t\t\t\t\t\t\t\t\t\t<\/div>\n\t\t\t\t\t\t\t\t<\/div>\n\t\t\t\t\t\t\t<\/div>\n\t\t\t\t\t\t<\/div>\n\t\t\t\t\t\n\t\t\t\t\t\t\n\t\t\t\t\t\t<div class=\"wpb-ea-videos-grid-item-column col-lg-4 col-md-6\">\n\t\t\t\t\t\t\t<div class=\"wpb-ea-videos-grid-item\">\n\t\t\t\t\t\t\t\t<div class=\"wpb-ea-videos-grid-item-inner\">\n\t\t\t\t\t\t\t\t\t<iframe title=\"75 Aniversario de la D.O.P. Cari\u00f1ena (a\u00f1o 2008)\" width=\"260\" height=\"195\" src=\"https:\/\/www.youtube.com\/embed\/4z9gnTkzUuo?feature=oembed\" frameborder=\"0\" allow=\"accelerometer; autoplay; clipboard-write; encrypted-media; gyroscope; picture-in-picture; web-share\" referrerpolicy=\"strict-origin-when-cross-origin\" allowfullscreen><\/iframe>\t\t\t\t\t\t\t\t\t<div class=\"wpb-video-content\">\n\t\t\t\t\t\t\t\t\t\t<h3>75 Aniversario de la D.O.P. Cari\u00f1ena<\/h3>\t\t\t\t\t\t\t\t\t\t\t\t\t\t\t\t\t\t\t\t\t\t\t\t\t\t\t\t\t<\/div>\n\t\t\t\t\t\t\t\t<\/div>\n\t\t\t\t\t\t\t<\/div>\n\t\t\t\t\t\t<\/div>\n\t\t\t\t\t\n\t\t\t\t\t\t\n\t\t\t\t\t\t<div class=\"wpb-ea-videos-grid-item-column col-lg-4 col-md-6\">\n\t\t\t\t\t\t\t<div class=\"wpb-ea-videos-grid-item\">\n\t\t\t\t\t\t\t\t<div class=\"wpb-ea-videos-grid-item-inner\">\n\t\t\t\t\t\t\t\t\t<iframe title=\"La historia del Vino de la D.O.P. Cari\u00f1ena\" width=\"260\" height=\"146\" src=\"https:\/\/www.youtube.com\/embed\/aiUMemedheA?feature=oembed\" frameborder=\"0\" allow=\"accelerometer; autoplay; clipboard-write; encrypted-media; gyroscope; picture-in-picture; web-share\" referrerpolicy=\"strict-origin-when-cross-origin\" allowfullscreen><\/iframe>\t\t\t\t\t\t\t\t\t<div class=\"wpb-video-content\">\n\t\t\t\t\t\t\t\t\t\t<h3>Historia de la D.O.P. Cari\u00f1ena (II)<\/h3>\t\t\t\t\t\t\t\t\t\t\t\t\t\t\t\t\t\t\t\t\t\t\t\t\t\t\t\t\t<\/div>\n\t\t\t\t\t\t\t\t<\/div>\n\t\t\t\t\t\t\t<\/div>\n\t\t\t\t\t\t<\/div>\n\t\t\t\t\t\n\t\t\t\t\t\t\n\t\t\t\t\t\t<div class=\"wpb-ea-videos-grid-item-column col-lg-4 col-md-6\">\n\t\t\t\t\t\t\t<div class=\"wpb-ea-videos-grid-item\">\n\t\t\t\t\t\t\t\t<div class=\"wpb-ea-videos-grid-item-inner\">\n\t\t\t\t\t\t\t\t\t<iframe title=\"La historia del Vino de la D.O.P. Cari\u00f1ena II parte\" width=\"260\" height=\"146\" src=\"https:\/\/www.youtube.com\/embed\/MvALzuBPPGE?feature=oembed\" frameborder=\"0\" allow=\"accelerometer; autoplay; clipboard-write; encrypted-media; gyroscope; picture-in-picture; web-share\" referrerpolicy=\"strict-origin-when-cross-origin\" allowfullscreen><\/iframe>\t\t\t\t\t\t\t\t\t<div class=\"wpb-video-content\">\n\t\t\t\t\t\t\t\t\t\t<h3>Historia de la D.O.P. Cari\u00f1ena<\/h3>\t\t\t\t\t\t\t\t\t\t\t\t\t\t\t\t\t\t\t\t\t\t\t\t\t\t\t\t\t<\/div>\n\t\t\t\t\t\t\t\t<\/div>\n\t\t\t\t\t\t\t<\/div>\n\t\t\t\t\t\t<\/div>\n\t\t\t\t\t\t\t\t\t<\/div>\n\t\t\t<\/div>\n\t\t\t\t\t<\/div>\n\t\t\t\t<\/div>\n\t\t\t\t\t<\/div>\n\t\t<\/div>\n\t\t\t\t\t<\/div>\n\t\t<\/section>\n\t\t\t\t<\/div>\n\t\t","protected":false},"excerpt":{"rendered":"<p>59\u00aa Fiesta de la Vendimia 58\u00aa Fiesta de la Vendimia 57\u00aa Fiesta de la Vendimia 56\u00aa Fiesta de la Vendimia Colecci\u00f3n Premium 2022 Fernandisco en el Paseo de las Estrellas El oto\u00f1o en Cari\u00f1ena 55 Fiesta de la Vendimia 55 Fiesta de la Vendimia 55 Fiesta de la Vendimia Estado fenol\u00f3gico de la vid. Floraci\u00f3n &hellip;<\/p>\n","protected":false},"author":5,"featured_media":0,"parent":5455,"menu_order":4,"comment_status":"closed","ping_status":"closed","template":"","meta":{"_genesis_hide_title":false,"_genesis_hide_breadcrumbs":false,"_genesis_hide_singular_image":false,"_genesis_hide_footer_widgets":false,"_genesis_custom_body_class":"","_genesis_custom_post_class":"","_genesis_layout":"","ngg_post_thumbnail":0,"footnotes":""},"class_list":{"0":"post-1708","1":"page","2":"type-page","3":"status-publish","5":"entry"},"_links":{"self":[{"href":"https:\/\/elvinodelaspiedras.es\/en\/wp-json\/wp\/v2\/pages\/1708"}],"collection":[{"href":"https:\/\/elvinodelaspiedras.es\/en\/wp-json\/wp\/v2\/pages"}],"about":[{"href":"https:\/\/elvinodelaspiedras.es\/en\/wp-json\/wp\/v2\/types\/page"}],"author":[{"embeddable":true,"href":"https:\/\/elvinodelaspiedras.es\/en\/wp-json\/wp\/v2\/users\/5"}],"replies":[{"embeddable":true,"href":"https:\/\/elvinodelaspiedras.es\/en\/wp-json\/wp\/v2\/comments?post=1708"}],"version-history":[{"count":89,"href":"https:\/\/elvinodelaspiedras.es\/en\/wp-json\/wp\/v2\/pages\/1708\/revisions"}],"predecessor-version":[{"id":7877,"href":"https:\/\/elvinodelaspiedras.es\/en\/wp-json\/wp\/v2\/pages\/1708\/revisions\/7877"}],"up":[{"embeddable":true,"href":"https:\/\/elvinodelaspiedras.es\/en\/wp-json\/wp\/v2\/pages\/5455"}],"wp:attachment":[{"href":"https:\/\/elvinodelaspiedras.es\/en\/wp-json\/wp\/v2\/media?parent=1708"}],"curies":[{"name":"wp","href":"https:\/\/api.w.org\/{rel}","templated":true}]}}