{"id":5455,"date":"2020-07-16T12:44:23","date_gmt":"2020-07-16T12:44:23","guid":{"rendered":"https:\/\/elvinodelaspiedras.es\/en\/?page_id=5455"},"modified":"2020-07-27T13:02:48","modified_gmt":"2020-07-27T13:02:48","slug":"communication","status":"publish","type":"page","link":"https:\/\/elvinodelaspiedras.es\/en\/communication\/","title":{"rendered":"Communication"},"content":{"rendered":"<div class=\"ngg-albumoverview default-view\">\n            <div class=\"ngg-album-compact\">\n            <div class=\"ngg-album-compactbox\">\n                <div class=\"ngg-album-link\">\n                                                                <a title='Panor\u00e1micas vi\u00f1edos D.O.P. Cari\u00f1ena 2021'\n                       href='https:\/\/elvinodelaspiedras.es\/en\/communication\/photo-gallery\/galerias-fotograficas\/panoramicas-vinedos-d-o-p-carinena-2021'>\n                            <img class=\"Thumb\"\n                                 alt=\"Panor\u00e1micas vi\u00f1edos D.O.P. Cari\u00f1ena 2021\"\n                                 src=\"https:\/\/elvinodelaspiedras.es\/en\/wp-content\/uploads\/sites\/3\/nggallery\/panoramicas-vinedos-d-o-p-carinena-2021\/cache\/100_0596_det2.jpg-nggid03707-ngg0dyn-240x160x100-00f0w010c011r110f110r010t010.jpg\"\/>\n                        <\/a>\n                                                        <\/div>\n            <\/div>\n                        <h4>\n                <a class='ngg-album-desc' title='Panor\u00e1micas vi\u00f1edos D.O.P. Cari\u00f1ena 2021'\n                       href='https:\/\/elvinodelaspiedras.es\/en\/communication\/photo-gallery\/galerias-fotograficas\/panoramicas-vinedos-d-o-p-carinena-2021'style=\"max-width: 260px\">Panor\u00e1micas vi\u00f1edos D.O.P. Cari\u00f1ena 2021<\/a>\n            <\/h4>\n            <p class=\"ngg-album-gallery-image-counter\">\n                                    <strong>8<\/strong>&nbsp;Photos                            <\/p>\n        <\/div>\n            <div class=\"ngg-album-compact\">\n            <div class=\"ngg-album-compactbox\">\n                <div class=\"ngg-album-link\">\n                                                                <a title='Santiago Segura en el II D\u00eda Movimiento Vino DO (12 de mayo de 2018)'\n                       href='https:\/\/elvinodelaspiedras.es\/en\/communication\/photo-gallery\/galerias-fotograficas\/santiago-segura-en-el-ii-dia-movimiento-vino-do-12-de-mayo-de-2018'>\n                            <img class=\"Thumb\"\n                                 alt=\"Santiago Segura en el II D\u00eda Movimiento Vino DO (12 de mayo de 2018)\"\n                                 src=\"https:\/\/elvinodelaspiedras.es\/en\/wp-content\/uploads\/sites\/3\/sites\/1\/nggallery\/santiago-segura-en-el-ii-dia-movimiento-vino-do-12-de-mayo-de-2018\/cache\/3497.jpg-nggid03621-ngg0dyn-240x160x100-00f0w010c011r110f110r010t010.jpg\"\/>\n                        <\/a>\n                                                        <\/div>\n            <\/div>\n                        <h4>\n                <a class='ngg-album-desc' title='Santiago Segura en el II D\u00eda Movimiento Vino DO (12 de mayo de 2018)'\n                       href='https:\/\/elvinodelaspiedras.es\/en\/communication\/photo-gallery\/galerias-fotograficas\/santiago-segura-en-el-ii-dia-movimiento-vino-do-12-de-mayo-de-2018'style=\"max-width: 260px\">Santiago Segura en el II D\u00eda Movimiento Vino DO (12 de mayo de 2018)<\/a>\n            <\/h4>\n            <p class=\"ngg-album-gallery-image-counter\">\n                                    <strong>36<\/strong>&nbsp;Photos                            <\/p>\n        <\/div>\n            <div class=\"ngg-album-compact\">\n            <div class=\"ngg-album-compactbox\">\n                <div class=\"ngg-album-link\">\n                                                                <a title='Fiesta de la Vendimia 2017 (23-24 de septiembre de 2017)'\n                       href='https:\/\/elvinodelaspiedras.es\/en\/communication\/photo-gallery\/galerias-fotograficas\/fiesta-de-la-vendimia-2017-23-24-de-septiembre-de-2017'>\n                            <img class=\"Thumb\"\n                                 alt=\"Fiesta de la Vendimia 2017 (23-24 de septiembre de 2017)\"\n                                 src=\"https:\/\/elvinodelaspiedras.es\/en\/wp-content\/uploads\/sites\/3\/sites\/1\/nggallery\/fiesta-de-la-vendimia-2017-23-24-de-septiembre-de-2017\/cache\/3525.jpg-nggid03648-ngg0dyn-240x160x100-00f0w010c011r110f110r010t010.jpg\"\/>\n                        <\/a>\n                                                        <\/div>\n            <\/div>\n                        <h4>\n                <a class='ngg-album-desc' title='Fiesta de la Vendimia 2017 (23-24 de septiembre de 2017)'\n                       href='https:\/\/elvinodelaspiedras.es\/en\/communication\/photo-gallery\/galerias-fotograficas\/fiesta-de-la-vendimia-2017-23-24-de-septiembre-de-2017'style=\"max-width: 260px\">Fiesta de la Vendimia 2017 (23-24 de septiembre de 2017)<\/a>\n            <\/h4>\n            <p class=\"ngg-album-gallery-image-counter\">\n                                    <strong>32<\/strong>&nbsp;Photos                            <\/p>\n        <\/div>\n            <div class=\"ngg-album-compact\">\n            <div class=\"ngg-album-compactbox\">\n                <div class=\"ngg-album-link\">\n                                                                <a title='Sorpresas en el Restaurante - Septiembre en Cari\u00f1ena (8-17 de septiembre de 2017)'\n                       href='https:\/\/elvinodelaspiedras.es\/en\/communication\/photo-gallery\/galerias-fotograficas\/sorpresas-en-el-restaurante-septiembre-en-carinena-8-17-de-septiembre-de-2017'>\n                            <img class=\"Thumb\"\n                                 alt=\"Sorpresas en el Restaurante - Septiembre en Cari\u00f1ena (8-17 de septiembre de 2017)\"\n                                 src=\"https:\/\/elvinodelaspiedras.es\/en\/wp-content\/uploads\/sites\/3\/sites\/1\/nggallery\/sorpresas-en-el-restaurante-septiembre-en-carinena-8-17-de-septiembre-de-2017\/cache\/3508.JPG-nggid03632-ngg0dyn-240x160x100-00f0w010c011r110f110r010t010.JPG\"\/>\n                        <\/a>\n                                                        <\/div>\n            <\/div>\n                        <h4>\n                <a class='ngg-album-desc' title='Sorpresas en el Restaurante - Septiembre en Cari\u00f1ena (8-17 de septiembre de 2017)'\n                       href='https:\/\/elvinodelaspiedras.es\/en\/communication\/photo-gallery\/galerias-fotograficas\/sorpresas-en-el-restaurante-septiembre-en-carinena-8-17-de-septiembre-de-2017'style=\"max-width: 260px\">Sorpresas en el Restaurante - Septiembre en Cari\u00f1ena (8-17 de septiembre de 2017)<\/a>\n            <\/h4>\n            <p class=\"ngg-album-gallery-image-counter\">\n                                    <strong>23<\/strong>&nbsp;Photos                            <\/p>\n        <\/div>\n            <div class=\"ngg-album-compact\">\n            <div class=\"ngg-album-compactbox\">\n                <div class=\"ngg-album-link\">\n                                                                <a title='Luisa Gavasa en el Paseo de las Estrellas (20 de mayo de 2017)'\n                       href='https:\/\/elvinodelaspiedras.es\/en\/communication\/photo-gallery\/galerias-fotograficas\/luisa-gavasa-en-el-paseo-de-las-estrellas-20-de-mayo-de-2017'>\n                            <img class=\"Thumb\"\n                                 alt=\"Luisa Gavasa en el Paseo de las Estrellas (20 de mayo de 2017)\"\n                                 src=\"https:\/\/elvinodelaspiedras.es\/en\/wp-content\/uploads\/sites\/3\/sites\/1\/nggallery\/luisa-gavasa-en-el-paseo-de-las-estrellas-20-de-mayo-de-2017\/cache\/3253.JPG-nggid03577-ngg0dyn-240x160x100-00f0w010c011r110f110r010t010.JPG\"\/>\n                        <\/a>\n                                                        <\/div>\n            <\/div>\n                        <h4>\n                <a class='ngg-album-desc' title='Luisa Gavasa en el Paseo de las Estrellas (20 de mayo de 2017)'\n                       href='https:\/\/elvinodelaspiedras.es\/en\/communication\/photo-gallery\/galerias-fotograficas\/luisa-gavasa-en-el-paseo-de-las-estrellas-20-de-mayo-de-2017'style=\"max-width: 260px\">Luisa Gavasa en el Paseo de las Estrellas (20 de mayo de 2017)<\/a>\n            <\/h4>\n            <p class=\"ngg-album-gallery-image-counter\">\n                                    <strong>12<\/strong>&nbsp;Photos                            <\/p>\n        <\/div>\n            <div class=\"ngg-album-compact\">\n            <div class=\"ngg-album-compactbox\">\n                <div class=\"ngg-album-link\">\n                                                                <a title='Descubre las Sorpresas (2-11 de septiembre de 2016)'\n                       href='https:\/\/elvinodelaspiedras.es\/en\/communication\/photo-gallery\/galerias-fotograficas\/descubre-las-sorpresas-2-11-de-septiembre-de-2016'>\n                            <img class=\"Thumb\"\n                                 alt=\"Descubre las Sorpresas (2-11 de septiembre de 2016)\"\n                                 src=\"https:\/\/elvinodelaspiedras.es\/en\/wp-content\/uploads\/sites\/3\/sites\/1\/nggallery\/descubre-las-sorpresas-2-11-de-septiembre-de-2016\/cache\/3169.JPG-nggid03558-ngg0dyn-240x160x100-00f0w010c011r110f110r010t010.JPG\"\/>\n                        <\/a>\n                                                        <\/div>\n            <\/div>\n                        <h4>\n                <a class='ngg-album-desc' title='Descubre las Sorpresas (2-11 de septiembre de 2016)'\n                       href='https:\/\/elvinodelaspiedras.es\/en\/communication\/photo-gallery\/galerias-fotograficas\/descubre-las-sorpresas-2-11-de-septiembre-de-2016'style=\"max-width: 260px\">Descubre las Sorpresas (2-11 de septiembre de 2016)<\/a>\n            <\/h4>\n            <p class=\"ngg-album-gallery-image-counter\">\n                                    <strong>20<\/strong>&nbsp;Photos                            <\/p>\n        <\/div>\n            <div class=\"ngg-album-compact\">\n            <div class=\"ngg-album-compactbox\">\n                <div class=\"ngg-album-link\">\n                                                                <a title='Eduardo Noriega en el Paseo de las Estrellas (3 de diciembre de 2016)'\n                       href='https:\/\/elvinodelaspiedras.es\/en\/communication\/photo-gallery\/galerias-fotograficas\/eduardo-noriega-en-el-paseo-de-las-estrellas-3-de-diciembre-de-2016'>\n                            <img class=\"Thumb\"\n                                 alt=\"Eduardo Noriega en el Paseo de las Estrellas (3 de diciembre de 2016)\"\n                                 src=\"https:\/\/elvinodelaspiedras.es\/en\/wp-content\/uploads\/sites\/3\/sites\/1\/nggallery\/eduardo-noriega-en-el-paseo-de-las-estrellas-3-de-diciembre-de-2016\/cache\/3153.JPG-nggid03542-ngg0dyn-240x160x100-00f0w010c011r110f110r010t010.JPG\"\/>\n                        <\/a>\n                                                        <\/div>\n            <\/div>\n                        <h4>\n                <a class='ngg-album-desc' title='Eduardo Noriega en el Paseo de las Estrellas (3 de diciembre de 2016)'\n                       href='https:\/\/elvinodelaspiedras.es\/en\/communication\/photo-gallery\/galerias-fotograficas\/eduardo-noriega-en-el-paseo-de-las-estrellas-3-de-diciembre-de-2016'style=\"max-width: 260px\">Eduardo Noriega en el Paseo de las Estrellas (3 de diciembre de 2016)<\/a>\n            <\/h4>\n            <p class=\"ngg-album-gallery-image-counter\">\n                                    <strong>31<\/strong>&nbsp;Photos                            <\/p>\n        <\/div>\n            <div class=\"ngg-album-compact\">\n            <div class=\"ngg-album-compactbox\">\n                <div class=\"ngg-album-link\">\n                                                                <a title='Donaci\u00f3n del manto a la Virgen del Pilar (1 de diciembre de 2016)'\n                       href='https:\/\/elvinodelaspiedras.es\/en\/communication\/photo-gallery\/galerias-fotograficas\/donacion-del-manto-a-la-virgen-del-pilar-1-de-diciembre-de-2016'>\n                            <img class=\"Thumb\"\n                                 alt=\"Donaci\u00f3n del manto a la Virgen del Pilar (1 de diciembre de 2016)\"\n                                 src=\"https:\/\/elvinodelaspiedras.es\/en\/wp-content\/uploads\/sites\/3\/sites\/1\/nggallery\/donacion-del-manto-a-la-virgen-del-pilar-1-de-diciembre-de-2016\/cache\/3117.jpg-nggid03507-ngg0dyn-240x160x100-00f0w010c011r110f110r010t010.jpg\"\/>\n                        <\/a>\n                                                        <\/div>\n            <\/div>\n                        <h4>\n                <a class='ngg-album-desc' title='Donaci\u00f3n del manto a la Virgen del Pilar (1 de diciembre de 2016)'\n                       href='https:\/\/elvinodelaspiedras.es\/en\/communication\/photo-gallery\/galerias-fotograficas\/donacion-del-manto-a-la-virgen-del-pilar-1-de-diciembre-de-2016'style=\"max-width: 260px\">Donaci\u00f3n del manto a la Virgen del Pilar (1 de diciembre de 2016)<\/a>\n            <\/h4>\n            <p class=\"ngg-album-gallery-image-counter\">\n                                    <strong>21<\/strong>&nbsp;Photos                            <\/p>\n        <\/div>\n            <div class=\"ngg-album-compact\">\n            <div class=\"ngg-album-compactbox\">\n                <div class=\"ngg-album-link\">\n                                                                <a title='Fiesta de la Vendimia 2016 (24 y 25 de septiembre de 2016)'\n                       href='https:\/\/elvinodelaspiedras.es\/en\/communication\/photo-gallery\/galerias-fotograficas\/fiesta-de-la-vendimia-2016-24-y-25-de-septiembre-de-2016'>\n                            <img class=\"Thumb\"\n                                 alt=\"Fiesta de la Vendimia 2016 (24 y 25 de septiembre de 2016)\"\n                                 src=\"https:\/\/elvinodelaspiedras.es\/en\/wp-content\/uploads\/sites\/3\/sites\/1\/nggallery\/fiesta-de-la-vendimia-2016-24-y-25-de-septiembre-de-2016\/cache\/3032.JPG-nggid03463-ngg0dyn-240x160x100-00f0w010c011r110f110r010t010.JPG\"\/>\n                        <\/a>\n                                                        <\/div>\n            <\/div>\n                        <h4>\n                <a class='ngg-album-desc' title='Fiesta de la Vendimia 2016 (24 y 25 de septiembre de 2016)'\n                       href='https:\/\/elvinodelaspiedras.es\/en\/communication\/photo-gallery\/galerias-fotograficas\/fiesta-de-la-vendimia-2016-24-y-25-de-septiembre-de-2016'style=\"max-width: 260px\">Fiesta de la Vendimia 2016 (24 y 25 de septiembre de 2016)<\/a>\n            <\/h4>\n            <p class=\"ngg-album-gallery-image-counter\">\n                                    <strong>39<\/strong>&nbsp;Photos                            <\/p>\n        <\/div>\n            <div class=\"ngg-album-compact\">\n            <div class=\"ngg-album-compactbox\">\n                <div class=\"ngg-album-link\">\n                                                                <a title='Paula Ortiz plasma sus manos en el Paseo de las Estrellas de Cari\u00f1ena'\n                       href='https:\/\/elvinodelaspiedras.es\/en\/communication\/photo-gallery\/galerias-fotograficas\/paula-ortiz-plasma-sus-manos-en-el-paseo-de-las-estrellas-de-carinena'>\n                            <img class=\"Thumb\"\n                                 alt=\"Paula Ortiz plasma sus manos en el Paseo de las Estrellas de Cari\u00f1ena\"\n                                 src=\"https:\/\/elvinodelaspiedras.es\/en\/wp-content\/uploads\/sites\/3\/sites\/1\/nggallery\/paula-ortiz-plasma-sus-manos-en-el-paseo-de-las-estrellas-de-carinena\/cache\/2917.JPG-nggid03699-ngg0dyn-240x160x100-00f0w010c011r110f110r010t010.JPG\"\/>\n                        <\/a>\n                                                        <\/div>\n            <\/div>\n                        <h4>\n                <a class='ngg-album-desc' title='Paula Ortiz plasma sus manos en el Paseo de las Estrellas de Cari\u00f1ena'\n                       href='https:\/\/elvinodelaspiedras.es\/en\/communication\/photo-gallery\/galerias-fotograficas\/paula-ortiz-plasma-sus-manos-en-el-paseo-de-las-estrellas-de-carinena'style=\"max-width: 260px\">Paula Ortiz plasma sus manos en el Paseo de las Estrellas de Cari\u00f1ena<\/a>\n            <\/h4>\n            <p class=\"ngg-album-gallery-image-counter\">\n                                    <strong>16<\/strong>&nbsp;Photos                            <\/p>\n        <\/div>\n            <div class=\"ngg-album-compact\">\n            <div class=\"ngg-album-compactbox\">\n                <div class=\"ngg-album-link\">\n                                                                <a title='Fiesta de la Vendimia 2015 (14 de septiembre de 2015)'\n                       href='https:\/\/elvinodelaspiedras.es\/en\/communication\/photo-gallery\/galerias-fotograficas\/fiesta-de-la-vendimia-2015-14-de-septiembre-de-2015'>\n                            <img class=\"Thumb\"\n                                 alt=\"Fiesta de la Vendimia 2015 (14 de septiembre de 2015)\"\n                                 src=\"https:\/\/elvinodelaspiedras.es\/en\/wp-content\/uploads\/sites\/3\/sites\/1\/nggallery\/fiesta-de-la-vendimia-2015-14-de-septiembre-de-2015\/cache\/2839.JPG-nggid03456-ngg0dyn-240x160x100-00f0w010c011r110f110r010t010.JPG\"\/>\n                        <\/a>\n                                                        <\/div>\n            <\/div>\n                        <h4>\n                <a class='ngg-album-desc' title='Fiesta de la Vendimia 2015 (14 de septiembre de 2015)'\n                       href='https:\/\/elvinodelaspiedras.es\/en\/communication\/photo-gallery\/galerias-fotograficas\/fiesta-de-la-vendimia-2015-14-de-septiembre-de-2015'style=\"max-width: 260px\">Fiesta de la Vendimia 2015 (14 de septiembre de 2015)<\/a>\n            <\/h4>\n            <p class=\"ngg-album-gallery-image-counter\">\n                                    <strong>13<\/strong>&nbsp;Photos                            <\/p>\n        <\/div>\n            <div class=\"ngg-album-compact\">\n            <div class=\"ngg-album-compactbox\">\n                <div class=\"ngg-album-link\">\n                                                                <a title='III Ruta de Verano del Vino de las Piedras (17, 18 y 19 de julio de 2015)'\n                       href='https:\/\/elvinodelaspiedras.es\/en\/communication\/photo-gallery\/galerias-fotograficas\/iii-ruta-de-verano-del-vino-de-las-piedras-17-18-y-19-de-julio-de-2015'>\n                            <img class=\"Thumb\"\n                                 alt=\"III Ruta de Verano del Vino de las Piedras (17, 18 y 19 de julio de 2015)\"\n                                 src=\"https:\/\/elvinodelaspiedras.es\/en\/wp-content\/uploads\/sites\/3\/sites\/1\/nggallery\/iii-ruta-de-verano-del-vino-de-las-piedras-17-18-y-19-de-julio-de-2015\/cache\/2794.jpg-nggid03438-ngg0dyn-240x160x100-00f0w010c011r110f110r010t010.jpg\"\/>\n                        <\/a>\n                                                        <\/div>\n            <\/div>\n                        <h4>\n                <a class='ngg-album-desc' title='III Ruta de Verano del Vino de las Piedras (17, 18 y 19 de julio de 2015)'\n                       href='https:\/\/elvinodelaspiedras.es\/en\/communication\/photo-gallery\/galerias-fotograficas\/iii-ruta-de-verano-del-vino-de-las-piedras-17-18-y-19-de-julio-de-2015'style=\"max-width: 260px\">III Ruta de Verano del Vino de las Piedras (17, 18 y 19 de julio de 2015)<\/a>\n            <\/h4>\n            <p class=\"ngg-album-gallery-image-counter\">\n                                    <strong>18<\/strong>&nbsp;Photos                            <\/p>\n        <\/div>\n            <div class=\"ngg-album-compact\">\n            <div class=\"ngg-album-compactbox\">\n                <div class=\"ngg-album-link\">\n                                                                <a title='Presentaci\u00f3n inversiones en EEUU (7 y 8 de julio de 2015)'\n                       href='https:\/\/elvinodelaspiedras.es\/en\/communication\/photo-gallery\/galerias-fotograficas\/presentacion-inversiones-en-eeuu-7-y-8-de-julio-de-2015'>\n                            <img class=\"Thumb\"\n                                 alt=\"Presentaci\u00f3n inversiones en EEUU (7 y 8 de julio de 2015)\"\n                                 src=\"https:\/\/elvinodelaspiedras.es\/en\/wp-content\/uploads\/sites\/3\/sites\/1\/nggallery\/presentacion-inversiones-en-eeuu-7-y-8-de-julio-de-2015\/cache\/2779.JPG-nggid03424-ngg0dyn-240x160x100-00f0w010c011r110f110r010t010.JPG\"\/>\n                        <\/a>\n                                                        <\/div>\n            <\/div>\n                        <h4>\n                <a class='ngg-album-desc' title='Presentaci\u00f3n inversiones en EEUU (7 y 8 de julio de 2015)'\n                       href='https:\/\/elvinodelaspiedras.es\/en\/communication\/photo-gallery\/galerias-fotograficas\/presentacion-inversiones-en-eeuu-7-y-8-de-julio-de-2015'style=\"max-width: 260px\">Presentaci\u00f3n inversiones en EEUU (7 y 8 de julio de 2015)<\/a>\n            <\/h4>\n            <p class=\"ngg-album-gallery-image-counter\">\n                                    <strong>8<\/strong>&nbsp;Photos                            <\/p>\n        <\/div>\n            <div class=\"ngg-album-compact\">\n            <div class=\"ngg-album-compactbox\">\n                <div class=\"ngg-album-link\">\n                                                                <a title='Presentaci\u00f3n nueva imagen El Vino de las Piedras (2-7-15)'\n                       href='https:\/\/elvinodelaspiedras.es\/en\/communication\/photo-gallery\/galerias-fotograficas\/presentacion-nueva-imagen-el-vino-de-las-piedras-2-7-15'>\n                            <img class=\"Thumb\"\n                                 alt=\"Presentaci\u00f3n nueva imagen El Vino de las Piedras (2-7-15)\"\n                                 src=\"https:\/\/elvinodelaspiedras.es\/en\/wp-content\/uploads\/sites\/3\/sites\/1\/nggallery\/presentacion-nueva-imagen-el-vino-de-las-piedras-2-7-15\/cache\/2770.jpg-nggid03415-ngg0dyn-240x160x100-00f0w010c011r110f110r010t010.jpg\"\/>\n                        <\/a>\n                                                        <\/div>\n            <\/div>\n                        <h4>\n                <a class='ngg-album-desc' title='Presentaci\u00f3n nueva imagen El Vino de las Piedras (2-7-15)'\n                       href='https:\/\/elvinodelaspiedras.es\/en\/communication\/photo-gallery\/galerias-fotograficas\/presentacion-nueva-imagen-el-vino-de-las-piedras-2-7-15'style=\"max-width: 260px\">Presentaci\u00f3n nueva imagen El Vino de las Piedras (2-7-15)<\/a>\n            <\/h4>\n            <p class=\"ngg-album-gallery-image-counter\">\n                                    <strong>10<\/strong>&nbsp;Photos                            <\/p>\n        <\/div>\n            <div class=\"ngg-album-compact\">\n            <div class=\"ngg-album-compactbox\">\n                <div class=\"ngg-album-link\">\n                                                                <a title='IV Sal\u00f3n del Vino de las Piedras (20,21 y 22 de marzo de 2015)'\n                       href='https:\/\/elvinodelaspiedras.es\/en\/communication\/photo-gallery\/galerias-fotograficas\/iv-salon-del-vino-de-las-piedras-2021-y-22-de-marzo-de-2015'>\n                            <img class=\"Thumb\"\n                                 alt=\"IV Sal\u00f3n del Vino de las Piedras (20,21 y 22 de marzo de 2015)\"\n                                 src=\"https:\/\/elvinodelaspiedras.es\/en\/wp-content\/uploads\/sites\/3\/sites\/1\/nggallery\/iv-salon-del-vino-de-las-piedras-2021-y-22-de-marzo-de-2015\/cache\/2764.JPG-nggid03409-ngg0dyn-240x160x100-00f0w010c011r110f110r010t010.JPG\"\/>\n                        <\/a>\n                                                        <\/div>\n            <\/div>\n                        <h4>\n                <a class='ngg-album-desc' title='IV Sal\u00f3n del Vino de las Piedras (20,21 y 22 de marzo de 2015)'\n                       href='https:\/\/elvinodelaspiedras.es\/en\/communication\/photo-gallery\/galerias-fotograficas\/iv-salon-del-vino-de-las-piedras-2021-y-22-de-marzo-de-2015'style=\"max-width: 260px\">IV Sal\u00f3n del Vino de las Piedras (20,21 y 22 de marzo de 2015)<\/a>\n            <\/h4>\n            <p class=\"ngg-album-gallery-image-counter\">\n                                    <strong>19<\/strong>&nbsp;Photos                            <\/p>\n        <\/div>\n            <div class=\"ngg-album-compact\">\n            <div class=\"ngg-album-compactbox\">\n                <div class=\"ngg-album-link\">\n                                                                <a title='Fiesta de la Vendimia 2014 (14 de septiembre de 2014)'\n                       href='https:\/\/elvinodelaspiedras.es\/en\/communication\/photo-gallery\/galerias-fotograficas\/fiesta-de-la-vendimia-2014-14-de-septiembre-de-2014'>\n                            <img class=\"Thumb\"\n                                 alt=\"Fiesta de la Vendimia 2014 (14 de septiembre de 2014)\"\n                                 src=\"https:\/\/elvinodelaspiedras.es\/en\/wp-content\/uploads\/sites\/3\/sites\/1\/nggallery\/fiesta-de-la-vendimia-2014-14-de-septiembre-de-2014\/cache\/2716.JPG-nggid03687-ngg0dyn-240x160x100-00f0w010c011r110f110r010t010.JPG\"\/>\n                        <\/a>\n                                                        <\/div>\n            <\/div>\n                        <h4>\n                <a class='ngg-album-desc' title='Fiesta de la Vendimia 2014 (14 de septiembre de 2014)'\n                       href='https:\/\/elvinodelaspiedras.es\/en\/communication\/photo-gallery\/galerias-fotograficas\/fiesta-de-la-vendimia-2014-14-de-septiembre-de-2014'style=\"max-width: 260px\">Fiesta de la Vendimia 2014 (14 de septiembre de 2014)<\/a>\n            <\/h4>\n            <p class=\"ngg-album-gallery-image-counter\">\n                                    <strong>13<\/strong>&nbsp;Photos                            <\/p>\n        <\/div>\n            <div class=\"ngg-album-compact\">\n            <div class=\"ngg-album-compactbox\">\n                <div class=\"ngg-album-link\">\n                                                                <a title='II Ruta de Verano del Vino de las Piedras'\n                       href='https:\/\/elvinodelaspiedras.es\/en\/communication\/photo-gallery\/galerias-fotograficas\/ii-ruta-de-verano-del-vino-de-las-piedras'>\n                            <img class=\"Thumb\"\n                                 alt=\"II Ruta de Verano del Vino de las Piedras\"\n                                 src=\"https:\/\/elvinodelaspiedras.es\/en\/wp-content\/uploads\/sites\/3\/sites\/1\/nggallery\/ii-ruta-de-verano-del-vino-de-las-piedras\/cache\/2698.JPG-nggid03392-ngg0dyn-240x160x100-00f0w010c011r110f110r010t010.JPG\"\/>\n                        <\/a>\n                                                        <\/div>\n            <\/div>\n                        <h4>\n                <a class='ngg-album-desc' title='II Ruta de Verano del Vino de las Piedras'\n                       href='https:\/\/elvinodelaspiedras.es\/en\/communication\/photo-gallery\/galerias-fotograficas\/ii-ruta-de-verano-del-vino-de-las-piedras'style=\"max-width: 260px\">II Ruta de Verano del Vino de las Piedras<\/a>\n            <\/h4>\n            <p class=\"ngg-album-gallery-image-counter\">\n                                    <strong>8<\/strong>&nbsp;Photos                            <\/p>\n        <\/div>\n            <div class=\"ngg-album-compact\">\n            <div class=\"ngg-album-compactbox\">\n                <div class=\"ngg-album-link\">\n                                                                <a title='Concierto de Melendi II Ruta de Verano del Vino de las Piedras'\n                       href='https:\/\/elvinodelaspiedras.es\/en\/communication\/photo-gallery\/galerias-fotograficas\/concierto-de-melendi-ii-ruta-de-verano-del-vino-de-las-piedras'>\n                            <img class=\"Thumb\"\n                                 alt=\"Concierto de Melendi II Ruta de Verano del Vino de las Piedras\"\n                                 src=\"https:\/\/elvinodelaspiedras.es\/en\/wp-content\/uploads\/sites\/3\/sites\/1\/nggallery\/concierto-de-melendi-ii-ruta-de-verano-del-vino-de-las-piedras\/cache\/2688.JPG-nggid03386-ngg0dyn-240x160x100-00f0w010c011r110f110r010t010.JPG\"\/>\n                        <\/a>\n                                                        <\/div>\n            <\/div>\n                        <h4>\n                <a class='ngg-album-desc' title='Concierto de Melendi II Ruta de Verano del Vino de las Piedras'\n                       href='https:\/\/elvinodelaspiedras.es\/en\/communication\/photo-gallery\/galerias-fotograficas\/concierto-de-melendi-ii-ruta-de-verano-del-vino-de-las-piedras'style=\"max-width: 260px\">Concierto de Melendi II Ruta de Verano del Vino de las Piedras<\/a>\n            <\/h4>\n            <p class=\"ngg-album-gallery-image-counter\">\n                                    <strong>8<\/strong>&nbsp;Photos                            <\/p>\n        <\/div>\n            <div class=\"ngg-album-compact\">\n            <div class=\"ngg-album-compactbox\">\n                <div class=\"ngg-album-link\">\n                                                                <a title='Visita de sumilleres y periodistas de EEUU'\n                       href='https:\/\/elvinodelaspiedras.es\/en\/communication\/photo-gallery\/galerias-fotograficas\/visita-de-sumilleres-y-periodistas-de-eeuu'>\n                            <img class=\"Thumb\"\n                                 alt=\"Visita de sumilleres y periodistas de EEUU\"\n                                 src=\"https:\/\/elvinodelaspiedras.es\/en\/wp-content\/uploads\/sites\/3\/sites\/1\/nggallery\/visita-de-sumilleres-y-periodistas-de-eeuu\/cache\/2644.JPG-nggid03361-ngg0dyn-240x160x100-00f0w010c011r110f110r010t010.JPG\"\/>\n                        <\/a>\n                                                        <\/div>\n            <\/div>\n                        <h4>\n                <a class='ngg-album-desc' title='Visita de sumilleres y periodistas de EEUU'\n                       href='https:\/\/elvinodelaspiedras.es\/en\/communication\/photo-gallery\/galerias-fotograficas\/visita-de-sumilleres-y-periodistas-de-eeuu'style=\"max-width: 260px\">Visita de sumilleres y periodistas de EEUU<\/a>\n            <\/h4>\n            <p class=\"ngg-album-gallery-image-counter\">\n                                    <strong>24<\/strong>&nbsp;Photos                            <\/p>\n        <\/div>\n            <div class=\"ngg-album-compact\">\n            <div class=\"ngg-album-compactbox\">\n                <div class=\"ngg-album-link\">\n                                                                <a title='III Sal\u00f3n del Vino de las Piedras'\n                       href='https:\/\/elvinodelaspiedras.es\/en\/communication\/photo-gallery\/galerias-fotograficas\/iii-salon-del-vino-de-las-piedras'>\n                            <img class=\"Thumb\"\n                                 alt=\"III Sal\u00f3n del Vino de las Piedras\"\n                                 src=\"https:\/\/elvinodelaspiedras.es\/en\/wp-content\/uploads\/sites\/3\/sites\/1\/nggallery\/iii-salon-del-vino-de-las-piedras\/cache\/2597.JPG-nggid03343-ngg0dyn-240x160x100-00f0w010c011r110f110r010t010.JPG\"\/>\n                        <\/a>\n                                                        <\/div>\n            <\/div>\n                        <h4>\n                <a class='ngg-album-desc' title='III Sal\u00f3n del Vino de las Piedras'\n                       href='https:\/\/elvinodelaspiedras.es\/en\/communication\/photo-gallery\/galerias-fotograficas\/iii-salon-del-vino-de-las-piedras'style=\"max-width: 260px\">III Sal\u00f3n del Vino de las Piedras<\/a>\n            <\/h4>\n            <p class=\"ngg-album-gallery-image-counter\">\n                                    <strong>18<\/strong>&nbsp;Photos                            <\/p>\n        <\/div>\n            <div class=\"ngg-album-compact\">\n            <div class=\"ngg-album-compactbox\">\n                <div class=\"ngg-album-link\">\n                                                                <a title='Gala 75 Aniversario del Diario Marca'\n                       href='https:\/\/elvinodelaspiedras.es\/en\/communication\/photo-gallery\/galerias-fotograficas\/gala-75-aniversario-del-diario-marca'>\n                            <img class=\"Thumb\"\n                                 alt=\"Gala 75 Aniversario del Diario Marca\"\n                                 src=\"https:\/\/elvinodelaspiedras.es\/en\/wp-content\/uploads\/sites\/3\/sites\/1\/nggallery\/gala-75-aniversario-del-diario-marca\/cache\/2551.JPG-nggid03326-ngg0dyn-240x160x100-00f0w010c011r110f110r010t010.JPG\"\/>\n                        <\/a>\n                                                        <\/div>\n            <\/div>\n                        <h4>\n                <a class='ngg-album-desc' title='Gala 75 Aniversario del Diario Marca'\n                       href='https:\/\/elvinodelaspiedras.es\/en\/communication\/photo-gallery\/galerias-fotograficas\/gala-75-aniversario-del-diario-marca'style=\"max-width: 260px\">Gala 75 Aniversario del Diario Marca<\/a>\n            <\/h4>\n            <p class=\"ngg-album-gallery-image-counter\">\n                                    <strong>16<\/strong>&nbsp;Photos                            <\/p>\n        <\/div>\n            <div class=\"ngg-album-compact\">\n            <div class=\"ngg-album-compactbox\">\n                <div class=\"ngg-album-link\">\n                                                                <a title='Fiesta de la Vendimia 2013 (8 de septiembre de 2013)'\n                       href='https:\/\/elvinodelaspiedras.es\/en\/communication\/photo-gallery\/galerias-fotograficas\/fiesta-de-la-vendimia-2013-8-de-septiembre-de-2013'>\n                            <img class=\"Thumb\"\n                                 alt=\"Fiesta de la Vendimia 2013 (8 de septiembre de 2013)\"\n                                 src=\"https:\/\/elvinodelaspiedras.es\/en\/wp-content\/uploads\/sites\/3\/sites\/1\/nggallery\/fiesta-de-la-vendimia-2013-8-de-septiembre-de-2013\/cache\/2509.jpg-nggid03316-ngg0dyn-240x160x100-00f0w010c011r110f110r010t010.jpg\"\/>\n                        <\/a>\n                                                        <\/div>\n            <\/div>\n                        <h4>\n                <a class='ngg-album-desc' title='Fiesta de la Vendimia 2013 (8 de septiembre de 2013)'\n                       href='https:\/\/elvinodelaspiedras.es\/en\/communication\/photo-gallery\/galerias-fotograficas\/fiesta-de-la-vendimia-2013-8-de-septiembre-de-2013'style=\"max-width: 260px\">Fiesta de la Vendimia 2013 (8 de septiembre de 2013)<\/a>\n            <\/h4>\n            <p class=\"ngg-album-gallery-image-counter\">\n                                    <strong>24<\/strong>&nbsp;Photos                            <\/p>\n        <\/div>\n            <div class=\"ngg-album-compact\">\n            <div class=\"ngg-album-compactbox\">\n                <div class=\"ngg-album-link\">\n                                                                <a title='Ruta de Verano del Vino de las Piedras (20 y 21 de julio de 2013)'\n                       href='https:\/\/elvinodelaspiedras.es\/en\/communication\/photo-gallery\/galerias-fotograficas\/ruta-de-verano-del-vino-de-las-piedras-20-y-21-de-julio-de-2013'>\n                            <img class=\"Thumb\"\n                                 alt=\"Ruta de Verano del Vino de las Piedras (20 y 21 de julio de 2013)\"\n                                 src=\"https:\/\/elvinodelaspiedras.es\/en\/wp-content\/uploads\/sites\/3\/sites\/1\/nggallery\/ruta-de-verano-del-vino-de-las-piedras-20-y-21-de-julio-de-2013\/cache\/2464.jpg-nggid03276-ngg0dyn-240x160x100-00f0w010c011r110f110r010t010.jpg\"\/>\n                        <\/a>\n                                                        <\/div>\n            <\/div>\n                        <h4>\n                <a class='ngg-album-desc' title='Ruta de Verano del Vino de las Piedras (20 y 21 de julio de 2013)'\n                       href='https:\/\/elvinodelaspiedras.es\/en\/communication\/photo-gallery\/galerias-fotograficas\/ruta-de-verano-del-vino-de-las-piedras-20-y-21-de-julio-de-2013'style=\"max-width: 260px\">Ruta de Verano del Vino de las Piedras (20 y 21 de julio de 2013)<\/a>\n            <\/h4>\n            <p class=\"ngg-album-gallery-image-counter\">\n                                    <strong>29<\/strong>&nbsp;Photos                            <\/p>\n        <\/div>\n            <div class=\"ngg-album-compact\">\n            <div class=\"ngg-album-compactbox\">\n                <div class=\"ngg-album-link\">\n                                                                <a title='Premio Ejecutivos de Arag\u00f3n (19 de junio de 2013)'\n                       href='https:\/\/elvinodelaspiedras.es\/en\/communication\/photo-gallery\/galerias-fotograficas\/premio-ejecutivos-de-aragon-19-de-junio-de-2013'>\n                            <img class=\"Thumb\"\n                                 alt=\"Premio Ejecutivos de Arag\u00f3n (19 de junio de 2013)\"\n                                 src=\"https:\/\/elvinodelaspiedras.es\/en\/wp-content\/uploads\/sites\/3\/sites\/1\/nggallery\/premio-ejecutivos-de-aragon-19-de-junio-de-2013\/cache\/2425.jpg-nggid03264-ngg0dyn-240x160x100-00f0w010c011r110f110r010t010.jpg\"\/>\n                        <\/a>\n                                                        <\/div>\n            <\/div>\n                        <h4>\n                <a class='ngg-album-desc' title='Premio Ejecutivos de Arag\u00f3n (19 de junio de 2013)'\n                       href='https:\/\/elvinodelaspiedras.es\/en\/communication\/photo-gallery\/galerias-fotograficas\/premio-ejecutivos-de-aragon-19-de-junio-de-2013'style=\"max-width: 260px\">Premio Ejecutivos de Arag\u00f3n (19 de junio de 2013)<\/a>\n            <\/h4>\n            <p class=\"ngg-album-gallery-image-counter\">\n                                    <strong>11<\/strong>&nbsp;Photos                            <\/p>\n        <\/div>\n            <div class=\"ngg-album-compact\">\n            <div class=\"ngg-album-compactbox\">\n                <div class=\"ngg-album-link\">\n                                                                <a title='Cata Bilbao (31 de mayo de 2013)'\n                       href='https:\/\/elvinodelaspiedras.es\/en\/communication\/photo-gallery\/galerias-fotograficas\/cata-bilbao-31-de-mayo-de-2013'>\n                            <img class=\"Thumb\"\n                                 alt=\"Cata Bilbao (31 de mayo de 2013)\"\n                                 src=\"https:\/\/elvinodelaspiedras.es\/en\/wp-content\/uploads\/sites\/3\/sites\/1\/nggallery\/cata-bilbao-31-de-mayo-de-2013\/cache\/2390.jpg-nggid03247-ngg0dyn-240x160x100-00f0w010c011r110f110r010t010.jpg\"\/>\n                        <\/a>\n                                                        <\/div>\n            <\/div>\n                        <h4>\n                <a class='ngg-album-desc' title='Cata Bilbao (31 de mayo de 2013)'\n                       href='https:\/\/elvinodelaspiedras.es\/en\/communication\/photo-gallery\/galerias-fotograficas\/cata-bilbao-31-de-mayo-de-2013'style=\"max-width: 260px\">Cata Bilbao (31 de mayo de 2013)<\/a>\n            <\/h4>\n            <p class=\"ngg-album-gallery-image-counter\">\n                                    <strong>10<\/strong>&nbsp;Photos                            <\/p>\n        <\/div>\n            <div class=\"ngg-album-compact\">\n            <div class=\"ngg-album-compactbox\">\n                <div class=\"ngg-album-link\">\n                                                                <a title='Fiesta de la Vendimia 2011 (27 y 28 de agosto de 2011)'\n                       href='https:\/\/elvinodelaspiedras.es\/en\/communication\/photo-gallery\/galerias-fotograficas\/fiesta-de-la-vendimia-2011-27-y-28-de-agosto-de-2011'>\n                            <img class=\"Thumb\"\n                                 alt=\"Fiesta de la Vendimia 2011 (27 y 28 de agosto de 2011)\"\n                                 src=\"https:\/\/elvinodelaspiedras.es\/en\/wp-content\/uploads\/sites\/3\/sites\/1\/nggallery\/fiesta-de-la-vendimia-2011-27-y-28-de-agosto-de-2011\/cache\/2282.jpg-nggid03217-ngg0dyn-240x160x100-00f0w010c011r110f110r010t010.jpg\"\/>\n                        <\/a>\n                                                        <\/div>\n            <\/div>\n                        <h4>\n                <a class='ngg-album-desc' title='Fiesta de la Vendimia 2011 (27 y 28 de agosto de 2011)'\n                       href='https:\/\/elvinodelaspiedras.es\/en\/communication\/photo-gallery\/galerias-fotograficas\/fiesta-de-la-vendimia-2011-27-y-28-de-agosto-de-2011'style=\"max-width: 260px\">Fiesta de la Vendimia 2011 (27 y 28 de agosto de 2011)<\/a>\n            <\/h4>\n            <p class=\"ngg-album-gallery-image-counter\">\n                                    <strong>14<\/strong>&nbsp;Photos                            <\/p>\n        <\/div>\n            <div class=\"ngg-album-compact\">\n            <div class=\"ngg-album-compactbox\">\n                <div class=\"ngg-album-link\">\n                                                                <a title='II Sal\u00f3n del Vino de las Piedras (22, 23 y 24 de marzo)'\n                       href='https:\/\/elvinodelaspiedras.es\/en\/communication\/photo-gallery\/galerias-fotograficas\/ii-salon-del-vino-de-las-piedras-22-23-y-24-de-marzo'>\n                            <img class=\"Thumb\"\n                                 alt=\"II Sal\u00f3n del Vino de las Piedras (22, 23 y 24 de marzo)\"\n                                 src=\"https:\/\/elvinodelaspiedras.es\/en\/wp-content\/uploads\/sites\/3\/sites\/1\/nggallery\/ii-salon-del-vino-de-las-piedras-22-23-y-24-de-marzo\/cache\/2364.JPG-nggid03237-ngg0dyn-240x160x100-00f0w010c011r110f110r010t010.JPG\"\/>\n                        <\/a>\n                                                        <\/div>\n            <\/div>\n                        <h4>\n                <a class='ngg-album-desc' title='II Sal\u00f3n del Vino de las Piedras (22, 23 y 24 de marzo)'\n                       href='https:\/\/elvinodelaspiedras.es\/en\/communication\/photo-gallery\/galerias-fotograficas\/ii-salon-del-vino-de-las-piedras-22-23-y-24-de-marzo'style=\"max-width: 260px\">II Sal\u00f3n del Vino de las Piedras (22, 23 y 24 de marzo)<\/a>\n            <\/h4>\n            <p class=\"ngg-album-gallery-image-counter\">\n                                    <strong>16<\/strong>&nbsp;Photos                            <\/p>\n        <\/div>\n            <div class=\"ngg-album-compact\">\n            <div class=\"ngg-album-compactbox\">\n                <div class=\"ngg-album-link\">\n                                                                <a title='Fiesta de la Vendimia 2012 (1 y 2 de septiembre de 2012)'\n                       href='https:\/\/elvinodelaspiedras.es\/en\/communication\/photo-gallery\/galerias-fotograficas\/fiesta-de-la-vendimia-2012-1-y-2-de-septiembre-de-2012'>\n                            <img class=\"Thumb\"\n                                 alt=\"Fiesta de la Vendimia 2012 (1 y 2 de septiembre de 2012)\"\n                                 src=\"https:\/\/elvinodelaspiedras.es\/en\/wp-content\/uploads\/sites\/3\/sites\/1\/nggallery\/fiesta-de-la-vendimia-2012-1-y-2-de-septiembre-de-2012\/cache\/213.jpg-nggid0232-ngg0dyn-240x160x100-00f0w010c011r110f110r010t010.jpg\"\/>\n                        <\/a>\n                                                        <\/div>\n            <\/div>\n                        <h4>\n                <a class='ngg-album-desc' title='Fiesta de la Vendimia 2012 (1 y 2 de septiembre de 2012)'\n                       href='https:\/\/elvinodelaspiedras.es\/en\/communication\/photo-gallery\/galerias-fotograficas\/fiesta-de-la-vendimia-2012-1-y-2-de-septiembre-de-2012'style=\"max-width: 260px\">Fiesta de la Vendimia 2012 (1 y 2 de septiembre de 2012)<\/a>\n            <\/h4>\n            <p class=\"ngg-album-gallery-image-counter\">\n                                    <strong>17<\/strong>&nbsp;Photos                            <\/p>\n        <\/div>\n            <div class=\"ngg-album-compact\">\n            <div class=\"ngg-album-compactbox\">\n                <div class=\"ngg-album-link\">\n                                                                <a title='Fiesta de la Vendimia 2010 (25 y 26 de septiempre de 2010)'\n                       href='https:\/\/elvinodelaspiedras.es\/en\/communication\/photo-gallery\/galerias-fotograficas\/fiesta-de-la-vendimia-2010-25-y-26-de-septiempre-de-2010'>\n                            <img class=\"Thumb\"\n                                 alt=\"Fiesta de la Vendimia 2010 (25 y 26 de septiempre de 2010)\"\n                                 src=\"https:\/\/elvinodelaspiedras.es\/en\/wp-content\/uploads\/sites\/3\/sites\/1\/nggallery\/fiesta-de-la-vendimia-2010-25-y-26-de-septiempre-de-2010\/cache\/252.jpg-nggid0251-ngg0dyn-240x160x100-00f0w010c011r110f110r010t010.jpg\"\/>\n                        <\/a>\n                                                        <\/div>\n            <\/div>\n                        <h4>\n                <a class='ngg-album-desc' title='Fiesta de la Vendimia 2010 (25 y 26 de septiempre de 2010)'\n                       href='https:\/\/elvinodelaspiedras.es\/en\/communication\/photo-gallery\/galerias-fotograficas\/fiesta-de-la-vendimia-2010-25-y-26-de-septiempre-de-2010'style=\"max-width: 260px\">Fiesta de la Vendimia 2010 (25 y 26 de septiempre de 2010)<\/a>\n            <\/h4>\n            <p class=\"ngg-album-gallery-image-counter\">\n                                    <strong>17<\/strong>&nbsp;Photos                            <\/p>\n        <\/div>\n            <div class=\"ngg-album-compact\">\n            <div class=\"ngg-album-compactbox\">\n                <div class=\"ngg-album-link\">\n                                                                <a title='Festival de Cine Espa\u00f1ol de M\u00e1laga 2010 (17-24 de abril de 2010)'\n                       href='https:\/\/elvinodelaspiedras.es\/en\/communication\/photo-gallery\/galerias-fotograficas\/festival-de-cine-espanol-de-malaga-2010-17-24-de-abril-de-2010'>\n                            <img class=\"Thumb\"\n                                 alt=\"Festival de Cine Espa\u00f1ol de M\u00e1laga 2010 (17-24 de abril de 2010)\"\n                                 src=\"https:\/\/elvinodelaspiedras.es\/en\/wp-content\/uploads\/sites\/3\/sites\/1\/nggallery\/festival-de-cine-espanol-de-malaga-2010-17-24-de-abril-de-2010\/cache\/264.jpg-nggid0262-ngg0dyn-240x160x100-00f0w010c011r110f110r010t010.jpg\"\/>\n                        <\/a>\n                                                        <\/div>\n            <\/div>\n                        <h4>\n                <a class='ngg-album-desc' title='Festival de Cine Espa\u00f1ol de M\u00e1laga 2010 (17-24 de abril de 2010)'\n                       href='https:\/\/elvinodelaspiedras.es\/en\/communication\/photo-gallery\/galerias-fotograficas\/festival-de-cine-espanol-de-malaga-2010-17-24-de-abril-de-2010'style=\"max-width: 260px\">Festival de Cine Espa\u00f1ol de M\u00e1laga 2010 (17-24 de abril de 2010)<\/a>\n            <\/h4>\n            <p class=\"ngg-album-gallery-image-counter\">\n                                    <strong>13<\/strong>&nbsp;Photos                            <\/p>\n        <\/div>\n            <div class=\"ngg-album-compact\">\n            <div class=\"ngg-album-compactbox\">\n                <div class=\"ngg-album-link\">\n                                                                <a title='Fiesta de la Vendimia 2009 (30 de agosto de 2009)'\n                       href='https:\/\/elvinodelaspiedras.es\/en\/communication\/photo-gallery\/galerias-fotograficas\/fiesta-de-la-vendimia-2009-30-de-agosto-de-2009'>\n                            <img class=\"Thumb\"\n                                 alt=\"Fiesta de la Vendimia 2009 (30 de agosto de 2009)\"\n                                 src=\"https:\/\/elvinodelaspiedras.es\/en\/wp-content\/uploads\/sites\/3\/sites\/1\/nggallery\/fiesta-de-la-vendimia-2009-30-de-agosto-de-2009\/cache\/283.jpg-nggid0279-ngg0dyn-240x160x100-00f0w010c011r110f110r010t010.jpg\"\/>\n                        <\/a>\n                                                        <\/div>\n            <\/div>\n                        <h4>\n                <a class='ngg-album-desc' title='Fiesta de la Vendimia 2009 (30 de agosto de 2009)'\n                       href='https:\/\/elvinodelaspiedras.es\/en\/communication\/photo-gallery\/galerias-fotograficas\/fiesta-de-la-vendimia-2009-30-de-agosto-de-2009'style=\"max-width: 260px\">Fiesta de la Vendimia 2009 (30 de agosto de 2009)<\/a>\n            <\/h4>\n            <p class=\"ngg-album-gallery-image-counter\">\n                                    <strong>11<\/strong>&nbsp;Photos                            <\/p>\n        <\/div>\n            <div class=\"ngg-album-compact\">\n            <div class=\"ngg-album-compactbox\">\n                <div class=\"ngg-album-link\">\n                                                                <a title='Fiesta de la Vendimia 2008 (23 de septiembre de 2008)'\n                       href='https:\/\/elvinodelaspiedras.es\/en\/communication\/photo-gallery\/galerias-fotograficas\/fiesta-de-la-vendimia-2008-23-de-septiembre-de-2008'>\n                            <img class=\"Thumb\"\n                                 alt=\"Fiesta de la Vendimia 2008 (23 de septiembre de 2008)\"\n                                 src=\"https:\/\/elvinodelaspiedras.es\/en\/wp-content\/uploads\/sites\/3\/sites\/1\/nggallery\/fiesta-de-la-vendimia-2008-23-de-septiembre-de-2008\/cache\/296.jpg-nggid0291-ngg0dyn-240x160x100-00f0w010c011r110f110r010t010.jpg\"\/>\n                        <\/a>\n                                                        <\/div>\n            <\/div>\n                        <h4>\n                <a class='ngg-album-desc' title='Fiesta de la Vendimia 2008 (23 de septiembre de 2008)'\n                       href='https:\/\/elvinodelaspiedras.es\/en\/communication\/photo-gallery\/galerias-fotograficas\/fiesta-de-la-vendimia-2008-23-de-septiembre-de-2008'style=\"max-width: 260px\">Fiesta de la Vendimia 2008 (23 de septiembre de 2008)<\/a>\n            <\/h4>\n            <p class=\"ngg-album-gallery-image-counter\">\n                                    <strong>6<\/strong>&nbsp;Photos                            <\/p>\n        <\/div>\n            <div class=\"ngg-album-compact\">\n            <div class=\"ngg-album-compactbox\">\n                <div class=\"ngg-album-link\">\n                                                                <a title='Entrega de la botella del 75 Aniversario a Fischer (14 de julio de 2008)'\n                       href='https:\/\/elvinodelaspiedras.es\/en\/communication\/photo-gallery\/galerias-fotograficas\/entrega-de-la-botella-del-75-aniversario-a-fischer-14-de-julio-de-2008'>\n                            <img class=\"Thumb\"\n                                 alt=\"Entrega de la botella del 75 Aniversario a Fischer (14 de julio de 2008)\"\n                                 src=\"https:\/\/elvinodelaspiedras.es\/en\/wp-content\/uploads\/sites\/3\/sites\/1\/nggallery\/entrega-de-la-botella-del-75-aniversario-a-fischer-14-de-julio-de-2008\/cache\/320.jpg-nggid0295-ngg0dyn-240x160x100-00f0w010c011r110f110r010t010.jpg\"\/>\n                        <\/a>\n                                                        <\/div>\n            <\/div>\n                        <h4>\n                <a class='ngg-album-desc' title='Entrega de la botella del 75 Aniversario a Fischer (14 de julio de 2008)'\n                       href='https:\/\/elvinodelaspiedras.es\/en\/communication\/photo-gallery\/galerias-fotograficas\/entrega-de-la-botella-del-75-aniversario-a-fischer-14-de-julio-de-2008'style=\"max-width: 260px\">Entrega de la botella del 75 Aniversario a Fischer (14 de julio de 2008)<\/a>\n            <\/h4>\n            <p class=\"ngg-album-gallery-image-counter\">\n                                    <strong>10<\/strong>&nbsp;Photos                            <\/p>\n        <\/div>\n            <div class=\"ngg-album-compact\">\n            <div class=\"ngg-album-compactbox\">\n                <div class=\"ngg-album-link\">\n                                                                <a title='Presentaci\u00f3n del libro &#039;Arte, Vino y Vi\u00f1as&#039; (4 de diciembre de 2007)'\n                       href='https:\/\/elvinodelaspiedras.es\/en\/communication\/photo-gallery\/galerias-fotograficas\/presentacion-del-libro-arte-vino-y-vinas-4-de-diciembre-de-2007'>\n                            <img class=\"Thumb\"\n                                 alt=\"Presentaci\u00f3n del libro &#039;Arte, Vino y Vi\u00f1as&#039; (4 de diciembre de 2007)\"\n                                 src=\"https:\/\/elvinodelaspiedras.es\/en\/wp-content\/uploads\/sites\/3\/sites\/1\/nggallery\/presentacion-del-libro-arte-vino-y-vinas-4-de-diciembre-de-2007\/cache\/332.jpg-nggid03107-ngg0dyn-240x160x100-00f0w010c011r110f110r010t010.jpg\"\/>\n                        <\/a>\n                                                        <\/div>\n            <\/div>\n                        <h4>\n                <a class='ngg-album-desc' title='Presentaci\u00f3n del libro &#039;Arte, Vino y Vi\u00f1as&#039; (4 de diciembre de 2007)'\n                       href='https:\/\/elvinodelaspiedras.es\/en\/communication\/photo-gallery\/galerias-fotograficas\/presentacion-del-libro-arte-vino-y-vinas-4-de-diciembre-de-2007'style=\"max-width: 260px\">Presentaci\u00f3n del libro 'Arte, Vino y Vi\u00f1as' (4 de diciembre de 2007)<\/a>\n            <\/h4>\n            <p class=\"ngg-album-gallery-image-counter\">\n                                    <strong>6<\/strong>&nbsp;Photos                            <\/p>\n        <\/div>\n            <div class=\"ngg-album-compact\">\n            <div class=\"ngg-album-compactbox\">\n                <div class=\"ngg-album-link\">\n                                                                <a title='Fiesta de la Vendimia 2007 (1 de septiembre de 2007)'\n                       href='https:\/\/elvinodelaspiedras.es\/en\/communication\/photo-gallery\/galerias-fotograficas\/fiesta-de-la-vendimia-2007-1-de-septiembre-de-2007'>\n                            <img class=\"Thumb\"\n                                 alt=\"Fiesta de la Vendimia 2007 (1 de septiembre de 2007)\"\n                                 src=\"https:\/\/elvinodelaspiedras.es\/en\/wp-content\/uploads\/sites\/3\/sites\/1\/nggallery\/fiesta-de-la-vendimia-2007-1-de-septiembre-de-2007\/cache\/396.jpg-nggid03155-ngg0dyn-240x160x100-00f0w010c011r110f110r010t010.jpg\"\/>\n                        <\/a>\n                                                        <\/div>\n            <\/div>\n                        <h4>\n                <a class='ngg-album-desc' title='Fiesta de la Vendimia 2007 (1 de septiembre de 2007)'\n                       href='https:\/\/elvinodelaspiedras.es\/en\/communication\/photo-gallery\/galerias-fotograficas\/fiesta-de-la-vendimia-2007-1-de-septiembre-de-2007'style=\"max-width: 260px\">Fiesta de la Vendimia 2007 (1 de septiembre de 2007)<\/a>\n            <\/h4>\n            <p class=\"ngg-album-gallery-image-counter\">\n                                    <strong>16<\/strong>&nbsp;Photos                            <\/p>\n        <\/div>\n            <div class=\"ngg-album-compact\">\n            <div class=\"ngg-album-compactbox\">\n                <div class=\"ngg-album-link\">\n                                                                <a title='Presentaci\u00f3n del libro conmemorativo &#039;El buen nombre del vino&#039; (5 de noviembre de 2007)'\n                       href='https:\/\/elvinodelaspiedras.es\/en\/communication\/photo-gallery\/galerias-fotograficas\/presentacion-del-libro-conmemorativo-el-buen-nombre-del-vino-5-de-noviembre-de-2007'>\n                            <img class=\"Thumb\"\n                                 alt=\"Presentaci\u00f3n del libro conmemorativo &#039;El buen nombre del vino&#039; (5 de noviembre de 2007)\"\n                                 src=\"https:\/\/elvinodelaspiedras.es\/en\/wp-content\/uploads\/sites\/3\/sites\/1\/nggallery\/presentacion-del-libro-conmemorativo-el-buen-nombre-del-vino-5-de-noviembre-de-2007\/cache\/358.jpg-nggid03117-ngg0dyn-240x160x100-00f0w010c011r110f110r010t010.jpg\"\/>\n                        <\/a>\n                                                        <\/div>\n            <\/div>\n                        <h4>\n                <a class='ngg-album-desc' title='Presentaci\u00f3n del libro conmemorativo &#039;El buen nombre del vino&#039; (5 de noviembre de 2007)'\n                       href='https:\/\/elvinodelaspiedras.es\/en\/communication\/photo-gallery\/galerias-fotograficas\/presentacion-del-libro-conmemorativo-el-buen-nombre-del-vino-5-de-noviembre-de-2007'style=\"max-width: 260px\">Presentaci\u00f3n del libro conmemorativo 'El buen nombre del vino' (5 de noviembre de 2007)<\/a>\n            <\/h4>\n            <p class=\"ngg-album-gallery-image-counter\">\n                                    <strong>10<\/strong>&nbsp;Photos                            <\/p>\n        <\/div>\n            <div class=\"ngg-album-compact\">\n            <div class=\"ngg-album-compactbox\">\n                <div class=\"ngg-album-link\">\n                                                                <a title='Programas radiof\u00f3nicos especiales desde Cari\u00f1ena (septiembre de 2007)'\n                       href='https:\/\/elvinodelaspiedras.es\/en\/communication\/photo-gallery\/galerias-fotograficas\/programas-radiofonicos-especiales-desde-carinena-septiembre-de-2007'>\n                            <img class=\"Thumb\"\n                                 alt=\"Programas radiof\u00f3nicos especiales desde Cari\u00f1ena (septiembre de 2007)\"\n                                 src=\"https:\/\/elvinodelaspiedras.es\/en\/wp-content\/uploads\/sites\/3\/sites\/1\/nggallery\/programas-radiofonicos-especiales-desde-carinena-septiembre-de-2007\/cache\/377.jpg-nggid03136-ngg0dyn-240x160x100-00f0w010c011r110f110r010t010.jpg\"\/>\n                        <\/a>\n                                                        <\/div>\n            <\/div>\n                        <h4>\n                <a class='ngg-album-desc' title='Programas radiof\u00f3nicos especiales desde Cari\u00f1ena (septiembre de 2007)'\n                       href='https:\/\/elvinodelaspiedras.es\/en\/communication\/photo-gallery\/galerias-fotograficas\/programas-radiofonicos-especiales-desde-carinena-septiembre-de-2007'style=\"max-width: 260px\">Programas radiof\u00f3nicos especiales desde Cari\u00f1ena (septiembre de 2007)<\/a>\n            <\/h4>\n            <p class=\"ngg-album-gallery-image-counter\">\n                                    <strong>16<\/strong>&nbsp;Photos                            <\/p>\n        <\/div>\n            <div class=\"ngg-album-compact\">\n            <div class=\"ngg-album-compactbox\">\n                <div class=\"ngg-album-link\">\n                                                                <a title='Concierto Sinfon\u00eda en DO (16 febrero 2007)'\n                       href='https:\/\/elvinodelaspiedras.es\/en\/communication\/photo-gallery\/galerias-fotograficas\/concierto-sinfonia-en-do-16-febrero-2007'>\n                            <img class=\"Thumb\"\n                                 alt=\"Concierto Sinfon\u00eda en DO (16 febrero 2007)\"\n                                 src=\"https:\/\/elvinodelaspiedras.es\/en\/wp-content\/uploads\/sites\/3\/sites\/1\/nggallery\/concierto-sinfonia-en-do-16-febrero-2007\/cache\/402.jpg-nggid03161-ngg0dyn-240x160x100-00f0w010c011r110f110r010t010.jpg\"\/>\n                        <\/a>\n                                                        <\/div>\n            <\/div>\n                        <h4>\n                <a class='ngg-album-desc' title='Concierto Sinfon\u00eda en DO (16 febrero 2007)'\n                       href='https:\/\/elvinodelaspiedras.es\/en\/communication\/photo-gallery\/galerias-fotograficas\/concierto-sinfonia-en-do-16-febrero-2007'style=\"max-width: 260px\">Concierto Sinfon\u00eda en DO (16 febrero 2007)<\/a>\n            <\/h4>\n            <p class=\"ngg-album-gallery-image-counter\">\n                                    <strong>4<\/strong>&nbsp;Photos                            <\/p>\n        <\/div>\n            <div class=\"ngg-album-compact\">\n            <div class=\"ngg-album-compactbox\">\n                <div class=\"ngg-album-link\">\n                                                                <a title='Fondos de escritorio'\n                       href='https:\/\/elvinodelaspiedras.es\/en\/communication\/photo-gallery\/galerias-fotograficas\/fondos-de-escritorio'>\n                            <img class=\"Thumb\"\n                                 alt=\"Fondos de escritorio\"\n                                 src=\"https:\/\/elvinodelaspiedras.es\/en\/wp-content\/uploads\/sites\/3\/sites\/1\/nggallery\/fondos-de-escritorio\/cache\/409.jpg-nggid03168-ngg0dyn-240x160x100-00f0w010c011r110f110r010t010.jpg\"\/>\n                        <\/a>\n                                                        <\/div>\n            <\/div>\n                        <h4>\n                <a class='ngg-album-desc' title='Fondos de escritorio'\n                       href='https:\/\/elvinodelaspiedras.es\/en\/communication\/photo-gallery\/galerias-fotograficas\/fondos-de-escritorio'style=\"max-width: 260px\">Fondos de escritorio<\/a>\n            <\/h4>\n            <p class=\"ngg-album-gallery-image-counter\">\n                                    <strong>6<\/strong>&nbsp;Photos                            <\/p>\n        <\/div>\n            <div class=\"ngg-album-compact\">\n            <div class=\"ngg-album-compactbox\">\n                <div class=\"ngg-album-link\">\n                                                                <a title='Paisajes de la D.O.P. Cari\u00f1ena'\n                       href='https:\/\/elvinodelaspiedras.es\/en\/communication\/photo-gallery\/galerias-fotograficas\/paisajes-de-la-d-o-p-carinena'>\n                            <img class=\"Thumb\"\n                                 alt=\"Paisajes de la D.O.P. Cari\u00f1ena\"\n                                 src=\"https:\/\/elvinodelaspiedras.es\/en\/wp-content\/uploads\/sites\/3\/sites\/1\/nggallery\/paisajes-de-la-d-o-p-carinena\/cache\/412.jpg-nggid03171-ngg0dyn-240x160x100-00f0w010c011r110f110r010t010.jpg\"\/>\n                        <\/a>\n                                                        <\/div>\n            <\/div>\n                        <h4>\n                <a class='ngg-album-desc' title='Paisajes de la D.O.P. Cari\u00f1ena'\n                       href='https:\/\/elvinodelaspiedras.es\/en\/communication\/photo-gallery\/galerias-fotograficas\/paisajes-de-la-d-o-p-carinena'style=\"max-width: 260px\">Paisajes de la D.O.P. Cari\u00f1ena<\/a>\n            <\/h4>\n            <p class=\"ngg-album-gallery-image-counter\">\n                                    <strong>47<\/strong>&nbsp;Photos                            <\/p>\n        <\/div>\n            <div class=\"ngg-album-compact\">\n            <div class=\"ngg-album-compactbox\">\n                <div class=\"ngg-album-link\">\n                                                                <a title='Vendimia'\n                       href='https:\/\/elvinodelaspiedras.es\/en\/communication\/photo-gallery\/galerias-fotograficas\/vendimia'>\n                            <img class=\"Thumb\"\n                                 alt=\"Vendimia\"\n                                 src=\"https:\/\/elvinodelaspiedras.es\/en\/wp-content\/uploads\/sites\/3\/sites\/1\/nggallery\/vendimia\/cache\/367.jpg-nggid03126-ngg0dyn-240x160x100-00f0w010c011r110f110r010t010.jpg\"\/>\n                        <\/a>\n                                                        <\/div>\n            <\/div>\n                        <h4>\n                <a class='ngg-album-desc' title='Vendimia'\n                       href='https:\/\/elvinodelaspiedras.es\/en\/communication\/photo-gallery\/galerias-fotograficas\/vendimia'style=\"max-width: 260px\">Vendimia<\/a>\n            <\/h4>\n            <p class=\"ngg-album-gallery-image-counter\">\n                                    <strong>10<\/strong>&nbsp;Photos                            <\/p>\n        <\/div>\n        <br class=\"ngg-clear\"\/>\n    <div class='ngg-clear'><\/div><\/div>\n\n","protected":false},"excerpt":{"rendered":"","protected":false},"author":1,"featured_media":0,"parent":0,"menu_order":5,"comment_status":"closed","ping_status":"closed","template":"","meta":{"_genesis_hide_title":false,"_genesis_hide_breadcrumbs":false,"_genesis_hide_singular_image":false,"_genesis_hide_footer_widgets":false,"_genesis_custom_body_class":"","_genesis_custom_post_class":"","_genesis_layout":"","ngg_post_thumbnail":0,"footnotes":""},"class_list":{"0":"post-5455","1":"page","2":"type-page","3":"status-publish","5":"entry"},"_links":{"self":[{"href":"https:\/\/elvinodelaspiedras.es\/en\/wp-json\/wp\/v2\/pages\/5455"}],"collection":[{"href":"https:\/\/elvinodelaspiedras.es\/en\/wp-json\/wp\/v2\/pages"}],"about":[{"href":"https:\/\/elvinodelaspiedras.es\/en\/wp-json\/wp\/v2\/types\/page"}],"author":[{"embeddable":true,"href":"https:\/\/elvinodelaspiedras.es\/en\/wp-json\/wp\/v2\/users\/1"}],"replies":[{"embeddable":true,"href":"https:\/\/elvinodelaspiedras.es\/en\/wp-json\/wp\/v2\/comments?post=5455"}],"version-history":[{"count":5,"href":"https:\/\/elvinodelaspiedras.es\/en\/wp-json\/wp\/v2\/pages\/5455\/revisions"}],"predecessor-version":[{"id":6355,"href":"https:\/\/elvinodelaspiedras.es\/en\/wp-json\/wp\/v2\/pages\/5455\/revisions\/6355"}],"wp:attachment":[{"href":"https:\/\/elvinodelaspiedras.es\/en\/wp-json\/wp\/v2\/media?parent=5455"}],"curies":[{"name":"wp","href":"https:\/\/api.w.org\/{rel}","templated":true}]}}